{"id":108,"date":"2023-08-09T19:26:41","date_gmt":"2023-08-09T19:26:41","guid":{"rendered":"https:\/\/labjbpesquero.com.br\/?page_id=108"},"modified":"2023-08-11T17:27:37","modified_gmt":"2023-08-11T17:27:37","slug":"ex-alunos-2","status":"publish","type":"page","link":"https:\/\/labjbpesquero.com.br\/?page_id=108","title":{"rendered":"Ex Alunos"},"content":{"rendered":"\t\t<div data-elementor-type=\"wp-page\" data-elementor-id=\"108\" class=\"elementor elementor-108\">\n\t\t\t\t\t\t<section class=\"elementor-section elementor-top-section elementor-element elementor-element-a07740d elementor-section-boxed elementor-section-height-default elementor-section-height-default\" data-id=\"a07740d\" data-element_type=\"section\" data-e-type=\"section\">\n\t\t\t\t\t\t<div class=\"elementor-container elementor-column-gap-default\">\n\t\t\t\t\t<div class=\"elementor-column elementor-col-100 elementor-top-column elementor-element elementor-element-a9f866c\" data-id=\"a9f866c\" data-element_type=\"column\" data-e-type=\"column\">\n\t\t\t<div class=\"elementor-widget-wrap elementor-element-populated\">\n\t\t\t\t\t\t<div class=\"elementor-element elementor-element-89bc7e0 elementor-widget elementor-widget-text-editor\" data-id=\"89bc7e0\" data-element_type=\"widget\" data-e-type=\"widget\" data-widget_type=\"text-editor.default\">\n\t\t\t\t<div class=\"elementor-widget-container\">\n\t\t\t\t\t\t\t\t\t<table style=\"height: 532px;\" width=\"619\" cellspacing=\"0\" cellpadding=\"2\"><tbody><tr><td width=\"100%\"><h2 style=\"text-align: right;\"><strong><span style=\"color: #000000;\">Caroliny de Sousa Leite<img decoding=\"async\" data-recalc-dims=\"1\" class=\"wp-image-146 alignright\" src=\"https:\/\/i0.wp.com\/labjbpesquero.com.br\/wp-content\/uploads\/2023\/08\/caroliny.jpeg?resize=88%2C118&#038;ssl=1\" alt=\"\" width=\"88\" height=\"118\" srcset=\"https:\/\/i0.wp.com\/labjbpesquero.com.br\/wp-content\/uploads\/2023\/08\/caroliny.jpeg?w=960&amp;ssl=1 960w, https:\/\/i0.wp.com\/labjbpesquero.com.br\/wp-content\/uploads\/2023\/08\/caroliny.jpeg?resize=225%2C300&amp;ssl=1 225w, https:\/\/i0.wp.com\/labjbpesquero.com.br\/wp-content\/uploads\/2023\/08\/caroliny.jpeg?resize=768%2C1024&amp;ssl=1 768w\" sizes=\"(max-width: 88px) 100vw, 88px\" \/><\/span><\/strong><\/h2><\/td><\/tr><tr><td width=\"100%\"><p align=\"justify\"><strong><span style=\"color: #000000;\"><span style=\"font-family: tahoma, geneva, sans-serif;\"><span style=\"font-size: small;\">Forma\u00e7\u00e3o:<\/span><\/span><\/span><\/strong><span style=\"color: #000000;\"><span style=\"font-family: tahoma, geneva, sans-serif;\"><span style=\"font-size: small;\"> Graduada em Ci\u00eancias Biol\u00f3gicas: Biotecnologia pela Universidade Federal do Rio de Janeiro (UFRJ), t\u00e9cnica em qu\u00edmica formada pelo Centro de Integra\u00e7\u00e3o Objetivo (CIOB), realizou inicia\u00e7\u00e3o cient\u00edfica no Laborat\u00f3rio de agrega\u00e7\u00e3o proteica e amiloidoses (LAPA), sendo bolsista FAPERJ. Atualmente cursa o mestrado na Universidade Federal de S\u00e3o Paulo (UNIFESP), em Biologia molecular sendo bolsista FAPESP<\/span><\/span><\/span><span style=\"color: #000000;\">.<\/span><\/p><p align=\"justify\"><span style=\"color: #000000;\">\u00a0<\/span><\/p><p align=\"justify\"><strong><span style=\"color: #000000;\"><span style=\"font-family: tahoma, geneva, sans-serif;\"><span style=\"font-size: small;\">Projeto:<\/span><\/span><\/span><\/strong><span style=\"color: #000000;\"><span style=\"font-family: tahoma, geneva, sans-serif;\"><span style=\"font-size: small;\"> Caracteriza\u00e7\u00e3o funcional das variantes p.A8V, p.Q370H e p.R384Q presentes no gene da Angiopoietina 1 ? ANGPT1<\/span><\/span><\/span><\/p><p style=\"text-align: left;\" align=\"justify\"><strong><span style=\"color: #000000;\"><span style=\"font-family: tahoma, geneva, sans-serif;\"><span style=\"font-size: small;\">Curr\u00edculo Lattes:<\/span><\/span><\/span><\/strong><a href=\"http:\/\/lattes.cnpq.br\/9644762520532508\" target=\"_blank\" rel=\"noopener\"><span style=\"color: #000000;\"><span style=\"font-family: tahoma, geneva, sans-serif;\"><span style=\"font-size: small;\"> http:\/\/lattes.cnpq.br\/9644762520532508<\/span><\/span><\/span><\/a><\/p><\/td><\/tr><\/tbody><\/table><table style=\"height: 569px;\" width=\"619\" cellspacing=\"0\" cellpadding=\"2\"><tbody><tr><td width=\"100%\"><h2 style=\"text-align: right;\"><strong><span style=\"color: #000000;\">Marcelo Alves da Silva Mori<img decoding=\"async\" data-recalc-dims=\"1\" class=\"size-full wp-image-151 alignright\" src=\"https:\/\/i0.wp.com\/labjbpesquero.com.br\/wp-content\/uploads\/2023\/08\/Marcelinho.jpg?resize=79%2C75&#038;ssl=1\" alt=\"\" width=\"79\" height=\"75\" \/><\/span><\/strong><\/h2><\/td><\/tr><tr><td width=\"100%\"><p align=\"justify\"><strong><span style=\"color: #000000;\"><span style=\"font-family: tahoma, geneva, sans-serif;\"><span style=\"font-size: small;\">Forma\u00e7\u00e3o: <\/span><\/span><\/span><\/strong><span style=\"color: #000000;\"><span style=\"font-family: tahoma, geneva, sans-serif;\"><span style=\"font-size: small;\">Possui gradua\u00e7\u00e3o em Ci\u00eancias Biol\u00f3gicas (Modalidade M\u00e9dica) pela Universidade Federal de S\u00e3o Paulo (2002). Adquiriu t\u00edtulo de doutor em Biologia Molecular pela Universidade Federal de S\u00e3o Paulo (2007), com est\u00e1gio no instituto Max-Delbr\u00fcck for Molecular Medicine (Berlim, Alemanha). P\u00f3s-doutorado pela Joslin Diabetes Center\/Harvard Medical School (Boston, EUA). Em 2011, foi contratado pelo Departamento de Biof\u00edsica da Universidade Federal de S\u00e3o Paulo para exercer o cargo de Professor Adjunto e Pesquisador. Em 2016, assumiu cargo de Professor Doutor em Biologia do Envelhecimento no Departamento de Bioqu\u00edmica e Biologia Tecidual do Instituto de Biologia da Universidade Estadual de Campinas. Tem experi\u00eancia na \u00e1rea de Biologia Molecular com \u00eanfase em Metabolismo, atuando principalmente na investiga\u00e7\u00e3o dos mecanismos moleculares associados \u00e0 S\u00edndrome Metab\u00f3lica e ao processo de envelhecimento. \u00c9 atual chefe do Departamento de Bioqu\u00edmica e Biologia Tecidual e Membro Afiliado da Academia Brasileira de Ci\u00eancias.<\/span><\/span><\/span><\/p><p style=\"text-align: left;\" align=\"justify\"><strong><span style=\"color: #000000;\"><span style=\"font-family: tahoma, geneva, sans-serif;\"><span style=\"font-size: small;\">Curr\u00edculo Lattes<\/span><\/span><\/span><\/strong><span style=\"color: #000000;\"><span style=\"font-family: tahoma, geneva, sans-serif;\"><span style=\"font-size: small;\">: <a href=\"http:\/\/lattes.cnpq.br\/3425809117024031\" target=\"_blank\" rel=\"noopener\">http:\/\/lattes.cnpq.br\/3425809117024031<\/a><\/span><\/span><\/span><\/p><\/td><\/tr><\/tbody><\/table><table style=\"height: 594px;\" width=\"619\" cellspacing=\"0\" cellpadding=\"2\"><tbody><tr><td width=\"100%\"><h2 style=\"text-align: right;\"><strong><span style=\"color: #000000;\">Ronaldo de Carvalho Ara<\/span><\/strong><strong><span style=\"color: #000000;\"><b>\u00fa<\/b><\/span><\/strong><strong><span style=\"color: #000000;\">jo<img decoding=\"async\" data-recalc-dims=\"1\" class=\"size-full wp-image-156 alignright\" src=\"https:\/\/i0.wp.com\/labjbpesquero.com.br\/wp-content\/uploads\/2023\/08\/Ronaldo.gif?resize=79%2C83&#038;ssl=1\" alt=\"\" width=\"79\" height=\"83\" \/><\/span><\/strong><\/h2><\/td><\/tr><tr><td width=\"100%\"><p align=\"justify\"><strong><span style=\"color: #000000;\"><span style=\"font-family: tahoma, geneva, sans-serif;\"><span style=\"font-size: small;\">Forma\u00e7\u00e3o:<\/span><\/span><\/span><\/strong><span style=\"color: #000000;\"><span style=\"font-family: tahoma, geneva, sans-serif;\"><span style=\"font-size: small;\"> Possui gradua\u00e7\u00e3o em Medicina Veterin\u00e1ria pela Universidade Federal de Minas Gerais (1993) e em Ci\u00eancias pela Pontif\u00edcia Universidade Cat\u00f3lica de Minas Gerais (1985), mestrado em Ci\u00eancias Biol\u00f3gicas (Fisiologia e Biof\u00edsica) pela Universidade Federal de Minas Gerais (1996) e doutorado sanduiche no Max Delbruch Center em Berlim, Alemanha com t\u00edtulo em Ci\u00eancias Biol\u00f3gicas (Biologia Molecular) pela Universidade Federal de S\u00e3o Paulo (2000). Atualmente \u00e9 professor livre-docente do Departamento de Biof\u00edsica da Universidade Federal de Sao Paulo-EPM.<\/span><\/span><\/span><\/p><p align=\"justify\"><span style=\"color: #000000;\">\u00a0<\/span><\/p><p align=\"justify\"><strong><span style=\"color: #000000;\"><span style=\"font-family: tahoma, geneva, sans-serif;\"><span style=\"font-size: small;\">Projeto:<\/span><\/span><\/span><\/strong><span style=\"color: #000000;\"><span style=\"font-family: tahoma, geneva, sans-serif;\"><span style=\"font-size: small;\"> exercicio fisico, cininas, animais transg\u00eanicos, calicre\u00edna, inflama\u00e7\u00e3o e press\u00e3o arterial.<\/span><\/span><\/span><\/p><p align=\"justify\"><span style=\"color: #000000;\">\u00a0<\/span><\/p><p style=\"text-align: left;\" align=\"justify\"><strong><span style=\"color: #000000;\"><span style=\"font-family: tahoma, geneva, sans-serif;\"><span style=\"font-size: small;\">Curr\u00edculo Lattes: <\/span><\/span><\/span><\/strong><a href=\"http:\/\/lattes.cnpq.br\/8650749833791970\" target=\"_blank\" rel=\"noopener\"><span style=\"color: #000000;\"><span style=\"font-family: tahoma, geneva, sans-serif;\"><span style=\"font-size: small;\">http:\/\/lattes.cnpq.br\/8650749833791970<\/span><\/span><\/span><\/a><\/p><\/td><\/tr><\/tbody><\/table><table style=\"height: 888px;\" width=\"619\" cellspacing=\"0\" cellpadding=\"2\"><tbody><tr><td width=\"100%\"><h2 style=\"text-align: right;\"><strong><span style=\"color: #000000;\">Carlos Castilho de Barros<img loading=\"lazy\" decoding=\"async\" data-recalc-dims=\"1\" class=\"size-full wp-image-160 alignright\" src=\"https:\/\/i0.wp.com\/labjbpesquero.com.br\/wp-content\/uploads\/2023\/08\/KK.jpg?resize=79%2C105&#038;ssl=1\" alt=\"\" width=\"79\" height=\"105\" \/><\/span><\/strong><\/h2><\/td><\/tr><tr><td width=\"100%\"><p align=\"justify\"><strong><span style=\"color: #000000;\"><span style=\"font-family: tahoma, geneva, sans-serif;\"><span style=\"font-size: small;\">Forma\u00e7\u00e3o:<\/span><\/span><\/span><\/strong><span style=\"color: #000000;\"><span style=\"font-family: tahoma, geneva, sans-serif;\"><span style=\"font-size: small;\"> Professor Adjunto da Universidade Federal de Pelotas (UFPEL), Faculdade de Nutri\u00e7\u00e3o, mestre e doutor em BIOTECNOLOGIA, fez p\u00f3s-doutorando pela Universidade Federal de S\u00e3o Paulo (UNIFESP) onde desenvolveu estudo sobre a inter-rela\u00e7\u00e3o entre os sistemas calicre\u00edna-cininas e renina-angiotensina-aldosterona em animais transg\u00eanicos. Possui gradua\u00e7\u00e3o em medicina veterin\u00e1ria pela Universidade Estadual Paulista J\u00falio de Mesquita Filho (UNESP, 1988), mestrado (2005) e doutorado (2008) em biotecnologia pela Universidade de Mogi das Cruzes e p\u00f3s-doutorado no Instituto Max Delbr\u00fcck Center of Molecular Medicine, Berlin (2009-2010). Chefiou a Divis\u00e3o de Controle de Zoonoses da cidade de Guaruj\u00e1, SP, durante 5 anos, onde tamb\u00e9m atuou como Coordenador do Programa de Controle Populacional de Animais Dom\u00e9sticos durante 8 Anos. Tamb\u00e9m atuou 18 anos na pr\u00e1tica de clinica m\u00e9dica de animais dom\u00e9sticos. Tem experi\u00eancia em prote\u00ednas recombinante e produtos biotecnil\u00f3gicos, biologia molecular, fisiologia renal, cardiovascular e end\u00f3crina, controle de zoonoses, controle de animais sinantr\u00f3picos, atuando tamb\u00e9m nos seguintes temas: animais transg\u00eanicos, express\u00e3o g\u00eanica quantitativa, fisiopatologia da obesidade e fisiologia do exerc\u00edcio.<\/span><\/span><\/span><\/p><p align=\"justify\"><span style=\"color: #000000;\">\u00a0<\/span><\/p><p align=\"justify\"><strong><span style=\"color: #000000;\"><span style=\"font-family: tahoma, geneva, sans-serif;\"><span style=\"font-size: small;\">Projeto:<\/span><\/span><\/span><\/strong><span style=\"color: #000000;\"><span style=\"font-family: tahoma, geneva, sans-serif;\"><span style=\"font-size: small;\"> 1) Estudo do Sistema Calicreinas-Cininas como alvo para desenvolvimento de drogas no tratamento\/preven\u00e7\u00e3o de comorbidades ligadas \u00e0 diabetes e s\u00edndrome metab\u00f3lica, e sua rela\u00e7\u00e3o com selenidade; 2) Desenvolvimento de produtos biotecnol\u00f3gicos para diagn\u00f3stico gen\u00e9tico ligado ao metabolismo, obesidade, talento esportivo e doen\u00e7as metab\u00f3licas; 3) Estudo da saciedade, v\u00edcio em comida e transtorno alimentar compulsivo. <\/span><\/span><\/span><\/p><p style=\"text-align: left;\" align=\"justify\"><span style=\"color: #000000;\"><span style=\"font-family: tahoma, geneva, sans-serif;\"><span style=\"font-size: small;\"><strong>Curr\u00edculo Lattes:<\/strong> <a href=\"http:\/\/lattes.cnpq.br\/7429609548804288\" target=\"_blank\" rel=\"noopener\">http:\/\/lattes.cnpq.br\/7429609548804288<\/a><\/span><\/span><\/span><\/p><\/td><\/tr><\/tbody><\/table><table style=\"height: 893px;\" width=\"619\" cellspacing=\"0\" cellpadding=\"2\"><tbody><tr><td width=\"100%\"><h2 style=\"text-align: right;\"><strong><span style=\"color: #000000;\">Edson Lucas dos Santos<img loading=\"lazy\" decoding=\"async\" data-recalc-dims=\"1\" class=\"size-full wp-image-165 alignright\" src=\"https:\/\/i0.wp.com\/labjbpesquero.com.br\/wp-content\/uploads\/2023\/08\/Edson-Lucas-Santos.png?resize=79%2C98&#038;ssl=1\" alt=\"\" width=\"79\" height=\"98\" \/><\/span><\/strong><\/h2><\/td><\/tr><tr><td width=\"100%\"><p align=\"justify\"><strong><span style=\"color: #000000;\"><span style=\"font-family: tahoma, geneva, sans-serif;\"><span style=\"font-size: small;\">Forma\u00e7\u00e3o<\/span><\/span><\/span><\/strong><span style=\"color: #000000;\"><span style=\"font-family: tahoma, geneva, sans-serif;\"><span style=\"font-size: small;\">: Possui gradua\u00e7\u00e3o em Farm\u00e1cia e Bioqu\u00edmica (1997) pela Unoeste, mestrado (2000) e doutorado (2004) em &#8220;Biologia Molecular&#8221; pela Universidade Federal de S\u00e3o Paulo. P\u00f3s-Doutorado pela Universidade Federal de S\u00e3o Paulo (2004-2007) e pelo Max-Delbrueck Center for Molecular Medicine, Berlin-Alemanha (2007-2008). Bolsista de Produtividade em Biotecnologia (2011-2017) e Farm\u00e1cia (2018-2021). Atualmente \u00e9 coordenador do programa de P\u00f3s-Gradua\u00e7\u00e3o Stricto Sensu em Rede de Biotecnologia e Biodiversidade (Doutorado) na UFGD. Membro Avaliador do Sistema Nacional de Avalia\u00e7\u00e3o da Educa\u00e7\u00e3o Superior (SINAES) do Curso de Gradua\u00e7\u00e3o em Farm\u00e1cia. Professor Associado na Universidade Federal da Grande Dourados &#8211; UFGD, ministra na gradua\u00e7\u00e3o as disciplinas de Bioqu\u00edmica e Farmacologia. Supervisor de P\u00f3s-Doutores, Orientador de Doutorandos, Mestrandos, Inicia\u00e7\u00e3o Cientifica e Trabalhos de Conclus\u00e3o de Curso. \u00c9 membro permanente dos programas de P\u00f3s-Gradua\u00e7\u00e3o Stricto Sensu &#8220;Mestrado e Doutorado em Ci\u00eancias da Sa\u00fade&#8221;, &#8220;Rede Pr\u00f3 Centro Oeste de Doutorado em Biotecnologia e Biodiversidade&#8221; e &#8220;Mestrado em Biologia Geral e Bioprospec\u00e7\u00e3o&#8221;. Coordena projetos vigentes financiados pelo CNPQ, FINEP e FUNDECT. Coordenador de projeto na Rede Pro-Centro-Oeste de Pesquisa e Inova\u00e7\u00e3o. Tem v\u00e1rios artigos publicados em peri\u00f3dicos internacionais e patente depositada no INPI. L\u00edder do grupo de pesquisa &#8220;Biotecnologia e Bioprospec\u00e7\u00e3o Aplicados ao Metabolismo&#8221;. Como orientador principal j\u00e1 orientou 4 doutores, 6 mestres e 13 alunos de inicia\u00e7\u00e3o cientifica. Atualmente supervisiona 3 P\u00f3s Doutores; orienta 5 doutorandos, 2 mestrandos e 2 alunos de inicia\u00e7\u00e3o cientifica; Coorienta 2 doutorandos e 1 mestrando. Apresenta Fator 13 (Scopus) e H 17 (Google acad\u00eamico). Tem experi\u00eancia na \u00e1rea bioensaios, antioxidantes, citotoxicidade, a\u00e7\u00e3o antitumoral, c\u00e2ncer e prospec\u00e7\u00e3o de mol\u00e9culas bioativas de origem natural e sint\u00e9tica.<\/span><\/span><\/span><\/p><p style=\"text-align: left;\" align=\"justify\"><strong><span style=\"color: #000000;\"><span style=\"font-family: tahoma, geneva, sans-serif;\"><span style=\"font-size: small;\">Curr\u00edculo Lattes: <\/span><\/span><\/span><\/strong><a href=\"http:\/\/lattes.cnpq.br\/3198256010398711\" target=\"_blank\" rel=\"noopener\"><span style=\"color: #000000;\"><span style=\"font-family: tahoma, geneva, sans-serif;\"><span style=\"font-size: small;\">http:\/\/lattes.cnpq.br\/3198256010398711<\/span><\/span><\/span><\/a><\/p><\/td><\/tr><\/tbody><\/table><table style=\"height: 493px;\" width=\"619\" cellspacing=\"0\" cellpadding=\"2\"><tbody><tr><td width=\"100%\"><h2 style=\"text-align: right;\"><strong><span style=\"color: #000000;\">Felipe Castellani Gomes dos Reis<img loading=\"lazy\" decoding=\"async\" data-recalc-dims=\"1\" class=\"size-full wp-image-175 alignright\" src=\"https:\/\/i0.wp.com\/labjbpesquero.com.br\/wp-content\/uploads\/2023\/08\/FelipeReis.jpg?resize=79%2C100&#038;ssl=1\" alt=\"\" width=\"79\" height=\"100\" \/><\/span><\/strong><\/h2><\/td><\/tr><tr><td width=\"100%\"><p align=\"justify\"><strong><span style=\"color: #000000;\"><span style=\"font-family: tahoma, geneva, sans-serif;\"><span style=\"font-size: small;\">Forma\u00e7\u00e3o<\/span><\/span><\/span><\/strong><span style=\"color: #000000;\"><span style=\"font-family: tahoma, geneva, sans-serif;\"><span style=\"font-size: small;\">: Doutorado em Ci\u00eancias Biol\u00f3gicas (Biologia Molecular) UNIFESP; Possui gradua\u00e7\u00e3o em Bacharelado e Licenciatura em Ci\u00eancias Biol\u00f3gicas pela Universidade de Mogi das Cruzes (2005), mestrado (2007) e doutorado (2012) em Ci\u00eancias Biol\u00f3gicas (Biologia Molecular) pela Universidade Federal de S\u00e3o Paulo. Atualmente \u00e9 p\u00f3s-doutorando na Universidade Federal de S\u00e3o Paulo. <\/span><\/span><\/span><\/p><p align=\"justify\"><span style=\"color: #000000;\">\u00a0<\/span><\/p><p align=\"justify\"><strong><span style=\"color: #000000;\"><span style=\"font-family: tahoma, geneva, sans-serif;\"><span style=\"font-size: small;\">Projeto:<\/span><\/span><\/span><\/strong><span style=\"color: #000000;\"><span style=\"font-family: tahoma, geneva, sans-serif;\"><span style=\"font-size: small;\"> Bioqu\u00edmica, com \u00eanfase em Biologia Molecular, atuando principalmente nos seguintes temas: obesidade, diabetes, metabolismo e envelhecimento. <\/span><\/span><\/span><\/p><p style=\"text-align: left;\" align=\"justify\"><span style=\"color: #000000;\"><span style=\"font-family: tahoma, geneva, sans-serif;\"><span style=\"font-size: small;\"><strong>Curr\u00edculo Lattes:<\/strong> <a href=\"http:\/\/lattes.cnpq.br\/9528355935170675\" target=\"_blank\" rel=\"noopener\">http:\/\/lattes.cnpq.br\/9528355935170675<\/a><br \/><\/span><\/span><\/span><\/p><p style=\"text-align: left;\" align=\"justify\">\u00a0<\/p><\/td><\/tr><\/tbody><\/table><table style=\"height: 415px;\" width=\"619\" cellspacing=\"0\" cellpadding=\"2\"><tbody><tr><td width=\"100%\"><h2 style=\"text-align: right;\"><strong><span style=\"color: #000000;\">Vicencia Micheline Toledo Sales<img loading=\"lazy\" decoding=\"async\" data-recalc-dims=\"1\" class=\"size-full wp-image-180 alignright\" src=\"https:\/\/i0.wp.com\/labjbpesquero.com.br\/wp-content\/uploads\/2023\/08\/VicenciaSales.jpg?resize=79%2C91&#038;ssl=1\" alt=\"\" width=\"79\" height=\"91\" \/><\/span><\/strong><\/h2><\/td><\/tr><tr><td width=\"100%\"><p align=\"justify\"><strong><span style=\"color: #000000;\"><span style=\"font-family: tahoma, geneva, sans-serif;\"><span style=\"font-size: small;\">Forma\u00e7\u00e3o<\/span><\/span><\/span><\/strong><span style=\"color: #000000;\"><span style=\"font-family: tahoma, geneva, sans-serif;\"><span style=\"font-size: small;\">: Possui gradua\u00e7\u00e3o em Ci\u00eancias Biom\u00e9dicas pela Universidade Federal de S\u00e3o Paulo (2007), mestrado e doutorado em Ci\u00eancias Biol\u00f3gicas (Biologia Molecular) pela Universidade Federal de S\u00e3o Paulo (2010). <\/span><\/span><\/span><\/p><p align=\"justify\"><span style=\"color: #000000;\">\u00a0<\/span><\/p><p align=\"justify\"><strong><span style=\"color: #000000;\"><span style=\"font-family: tahoma, geneva, sans-serif;\"><span style=\"font-size: small;\">Projeto:<\/span><\/span><\/span><\/strong><span style=\"color: #000000;\"><span style=\"font-family: tahoma, geneva, sans-serif;\"><span style=\"font-size: small;\"> Bioqu\u00edmica e Fisiologia End\u00f3crina<\/span><\/span><\/span><\/p><p align=\"justify\"><span style=\"color: #000000;\">\u00a0<\/span><\/p><p style=\"text-align: left;\" align=\"justify\"><strong><span style=\"color: #000000;\"><span style=\"font-family: tahoma, geneva, sans-serif;\"><span style=\"font-size: small;\">Curr\u00edculo Lattes:<\/span><\/span><\/span><\/strong><a href=\"http:\/\/lattes.cnpq.br\/9849297330269526\" target=\"_blank\" rel=\"noopener\"><span style=\"color: #000000;\"><span style=\"font-family: tahoma, geneva, sans-serif;\"><span style=\"font-size: small;\"> http:\/\/lattes.cnpq.br\/9849297330269526<\/span><\/span><\/span><\/a><\/p><\/td><\/tr><\/tbody><\/table><table style=\"height: 569px;\" width=\"619\" cellspacing=\"0\" cellpadding=\"2\"><tbody><tr><td width=\"100%\"><h2 style=\"text-align: right;\"><strong><span style=\"color: #000000;\">Sandro Soares de Almeida<img loading=\"lazy\" decoding=\"async\" data-recalc-dims=\"1\" class=\" wp-image-184 alignright\" src=\"https:\/\/i0.wp.com\/labjbpesquero.com.br\/wp-content\/uploads\/2023\/08\/Sandro-Almeida.gif?resize=79%2C98&#038;ssl=1\" alt=\"\" width=\"79\" height=\"98\" \/><\/span><\/strong><\/h2><\/td><\/tr><tr><td width=\"100%\"><p align=\"justify\"><strong><span style=\"color: #000000;\"><span style=\"font-family: tahoma, geneva, sans-serif;\"><span style=\"font-size: small;\">Forma\u00e7\u00e3o: <\/span><\/span><\/span><\/strong><span style=\"color: #000000;\"><span style=\"font-family: tahoma, geneva, sans-serif;\"><span style=\"font-size: small;\">Doutorado em Ci\u00eancias Biol\u00f3gicas (Biologia Molecular) UNIFESP; Possui gradua\u00e7\u00e3o em Ci\u00eancias Biol\u00f3gicas (Licenciatura e Bacharelado) pela Universidade de Mogi das Cruzes (2003), mestrado em Biotecnologia pela Universidade de Mogi das Cruzes (2008) e doutorado em Ci\u00eancias Biol\u00f3gicas (Biologia Molecular) pela Universidade Federal de S\u00e3o Paulo (2012), p\u00f3s-doutorado pela Universidade Federal de S\u00e3o Paulo (2013). Atualmente \u00e9 p\u00f3s-doutorando em biologia molecular pelo Instituto Max-Delbr\u00fcck para Medicina Molecular em Berlim, Alemanha. Tem experi\u00eancia na \u00e1rea de Bioqu\u00edmica, com \u00eanfase em Biologia Molecular e Gen\u00e9tica.<\/span><\/span><\/span><\/p><p align=\"justify\"><span style=\"color: #000000;\">\u00a0<\/span><\/p><p align=\"justify\"><strong><span style=\"color: #000000;\"><span style=\"font-family: tahoma, geneva, sans-serif;\"><span style=\"font-size: small;\">Projeto:<\/span><\/span><\/span><\/strong><span style=\"color: #000000;\"><span style=\"font-family: tahoma, geneva, sans-serif;\"><span style=\"font-size: small;\"> sistema renina-angiotensina, calicre\u00edna-cininas, polimorfismos gen\u00e9ticos, exerc\u00edcio f\u00edsico, obesidade e epilepsia.<\/span><\/span><\/span><\/p><p align=\"justify\"><span style=\"color: #000000;\">\u00a0<\/span><\/p><p style=\"text-align: left;\" align=\"justify\"><strong><span style=\"color: #000000;\"><span style=\"font-family: tahoma, geneva, sans-serif;\"><span style=\"font-size: small;\">Curr\u00edculo Lattes: <\/span><\/span><\/span><\/strong><a href=\"http:\/\/lattes.cnpq.br\/1849515375148915\" target=\"_blank\" rel=\"noopener\"><span style=\"color: #000000;\"><span style=\"font-family: tahoma, geneva, sans-serif;\"><span style=\"font-size: small;\">http:\/\/lattes.cnpq.br\/1849515375148915<\/span><\/span><\/span><\/a><\/p><\/td><\/tr><\/tbody><\/table><table style=\"height: 393px;\" width=\"619\" cellspacing=\"0\" cellpadding=\"2\"><tbody><tr><td width=\"100%\"><h2 style=\"text-align: right;\"><strong><span style=\"color: #000000;\">Erica Assis<img loading=\"lazy\" decoding=\"async\" data-recalc-dims=\"1\" class=\"wp-image-189 alignright\" src=\"https:\/\/i0.wp.com\/labjbpesquero.com.br\/wp-content\/uploads\/2023\/08\/Pitica.jpg?resize=83%2C83&#038;ssl=1\" alt=\"\" width=\"83\" height=\"83\" srcset=\"https:\/\/i0.wp.com\/labjbpesquero.com.br\/wp-content\/uploads\/2023\/08\/Pitica.jpg?w=619&amp;ssl=1 619w, https:\/\/i0.wp.com\/labjbpesquero.com.br\/wp-content\/uploads\/2023\/08\/Pitica.jpg?resize=300%2C300&amp;ssl=1 300w, https:\/\/i0.wp.com\/labjbpesquero.com.br\/wp-content\/uploads\/2023\/08\/Pitica.jpg?resize=150%2C150&amp;ssl=1 150w\" sizes=\"(max-width: 83px) 100vw, 83px\" \/><\/span><\/strong><\/h2><\/td><\/tr><tr><td width=\"100%\"><p align=\"justify\"><strong><span style=\"color: #000000;\"><span style=\"font-family: tahoma, geneva, sans-serif;\"><span style=\"font-size: small;\">Forma\u00e7\u00e3o:<\/span><\/span><\/span><\/strong><span style=\"color: #000000;\"><span style=\"font-family: tahoma, geneva, sans-serif;\"><span style=\"font-size: small;\"> Gradua\u00e7\u00e3o em Biomedicina. Universidade Paulista, UNIP, Brasil (2014). Mestrado em Biologia Molecular na Universidade Federal de S\u00e3o Paulo, UNIFESP, Brasil, com o trabalho de INVESTIGA\u00c7\u00c3O DE ALTERA\u00c7\u00d5ES NO GENE LIPA &#8211; Estudo de caso<\/span><\/span><\/span><\/p><p align=\"justify\"><span style=\"color: #000000;\"><span style=\"font-family: tahoma, geneva, sans-serif;\"><span style=\"font-size: small;\">Foi bolsista do Conselho Nacional de Desenvolvimento Cient\u00edfico e Tecnol\u00f3gico, CNPq, Brasil.<\/span><\/span><\/span><\/p><p align=\"justify\"><span style=\"color: #000000;\">\u00a0<\/span><\/p><p style=\"text-align: left;\" align=\"justify\"><strong><span style=\"color: #000000;\"><span style=\"font-family: tahoma, geneva, sans-serif;\"><span style=\"font-size: small;\">Curr\u00edculo Lattes:<\/span><\/span><\/span><\/strong><a href=\"http:\/\/lattes.cnpq.br\/2673735151422602\" target=\"_blank\" rel=\"noopener\"><span style=\"color: #000000;\"><span style=\"font-family: tahoma, geneva, sans-serif;\"><span style=\"font-size: small;\"> http:\/\/lattes.cnpq.br\/2673735151422602<\/span><\/span><\/span><\/a><\/p><\/td><\/tr><\/tbody><\/table><table style=\"height: 824px;\" width=\"619\" cellspacing=\"0\" cellpadding=\"2\"><tbody><tr><td width=\"100%\"><h2 style=\"text-align: right;\"><strong><span style=\"color: #000000;\">Leonardo Martins Silva<img loading=\"lazy\" decoding=\"async\" data-recalc-dims=\"1\" class=\"size-full wp-image-193 alignright\" src=\"https:\/\/i0.wp.com\/labjbpesquero.com.br\/wp-content\/uploads\/2023\/08\/83693.jpg?resize=79%2C79&#038;ssl=1\" alt=\"\" width=\"79\" height=\"79\" \/><\/span><\/strong><\/h2><\/td><\/tr><tr><td width=\"100%\"><p align=\"justify\"><strong><span style=\"color: #000000;\"><span style=\"font-family: tahoma, geneva, sans-serif;\"><span style=\"font-size: small;\">Forma\u00e7\u00e3o:<\/span><\/span><\/span><\/strong><span style=\"color: #000000;\"><span style=\"font-family: tahoma, geneva, sans-serif;\"><span style=\"font-size: small;\"> Bacharel em Biomedicina (2011), Mestre (2014) e Doutorando do Programa de Biologia Molecular da Universidade Federal de S\u00e3o Paulo\/ Escola Paulista de Medicina (UNIFESP\/EPM) (2018). Atuou em diversos projetos de terapia celular e g\u00eanica para doen\u00e7as cardiovasculares (IAM, DAOP) com les\u00f5es isqu\u00eamicas at\u00e9 2014, iniciando ap\u00f3s este per\u00edodo estudos no desenvolvimento de novas ferramentas terap\u00eauticas para inj\u00farias musculares, investigando a intera\u00e7\u00e3o dos pept\u00eddeos e receptores do sistema calicre\u00edna-cininas com outros sistemas fisiol\u00f3gicos associados ao reparo tecidual. \u00c9 tamb\u00e9m colaborador em projetos de sequenciamento NGS (Next-Generation Sequencing) e tecnologias associadas do Centro de Pesquisa e Diagn\u00f3stico Molecular de Doen\u00e7as Gen\u00e9ticas da UNIFESP-EPM. Publicou 3 artigos como primeiro autor (contribui\u00e7\u00e3o igual), 3 artigos como colaborador e 1 cap\u00edtulo de livro na edi\u00e7\u00e3o &#8220;Animal Models for Stem Cell Therapy&#8221; para Springer. Possui experi\u00eancia em: a) Pesquisa acad\u00eamica na \u00e1rea de Gen\u00e9tica e Biologia Molecular, com \u00eanfase em Terapia g\u00eanica e Celular (Terapias avan\u00e7adas), atuando principalmente nos seguintes temas: reparo tecidual, angiog\u00eanese, modelos animais experimentais, animais knockout, cininas e patologia molecular; b) Ensino, lecionando em car\u00e1ter Pr\u00e9-Vestibular (2008-2013) e Superior, cursos m\u00e9dicos e \u00e1reas da sa\u00fade (2016-atual); c) Lideran\u00e7a e gest\u00e3o de pessoas, atuando como coordenador pedag\u00f3gico do Curso Objetivo (2011-2013).<\/span><\/span><\/span><\/p><p><span style=\"color: #000000;\">\u00a0<\/span><\/p><p align=\"justify\"><strong><span style=\"color: #000000;\"><span style=\"font-family: tahoma, geneva, sans-serif;\"><span style=\"font-size: small;\">Projeto<\/span><\/span><\/span><\/strong><span style=\"color: #000000;\"><span style=\"font-family: tahoma, geneva, sans-serif;\"><span style=\"font-size: small;\">: <\/span><\/span><\/span><span style=\"color: #000000;\"><span style=\"font-family: tahoma, geneva, sans-serif;\"><span style=\"font-size: small;\"><span lang=\"pt-PT\">Estudar o desenvolvimento de novas ferramentas terap\u00eauticas para les\u00f5es musculares, envolvidas em projetos NGS e outras tecnologias.<\/span><\/span><\/span><\/span><\/p><p><span style=\"color: #000000;\">\u00a0<\/span><\/p><p style=\"text-align: left;\"><span style=\"color: #000000;\">\u00a0<\/span><\/p><p style=\"text-align: left;\" align=\"justify\"><strong><span style=\"color: #000000;\"><span style=\"font-family: tahoma, geneva, sans-serif;\"><span style=\"font-size: small;\">Curr\u00edculo Lattes:<\/span><\/span><\/span><\/strong><a href=\"http:\/\/lattes.cnpq.br\/5256400435234834\" target=\"_blank\" rel=\"noopener\"><span style=\"color: #000000;\"><span style=\"font-family: tahoma, geneva, sans-serif;\"><span style=\"font-size: small;\"> http:\/\/lattes.cnpq.br\/5256400435234834<\/span><\/span><\/span><\/a><\/p><\/td><\/tr><\/tbody><\/table><table style=\"height: 498px;\" width=\"619\" cellspacing=\"0\" cellpadding=\"2\"><tbody><tr><td width=\"100%\"><h2 style=\"text-align: right;\"><strong><span style=\"color: #000000;\">Cibele Keiko Goh<img loading=\"lazy\" decoding=\"async\" data-recalc-dims=\"1\" class=\"size-full wp-image-201 alignright\" src=\"https:\/\/i0.wp.com\/labjbpesquero.com.br\/wp-content\/uploads\/2023\/08\/Cibele.jpg?resize=79%2C105&#038;ssl=1\" alt=\"\" width=\"79\" height=\"105\" \/><\/span><\/strong><\/h2><\/td><\/tr><tr><td width=\"100%\"><p align=\"justify\"><strong><span style=\"color: #000000;\"><span style=\"font-family: tahoma, geneva, sans-serif;\"><span style=\"font-size: small;\">Forma\u00e7\u00e3o:<\/span><\/span><\/span><\/strong><span style=\"color: #000000;\"><span style=\"font-family: tahoma, geneva, sans-serif;\"><span style=\"font-size: small;\"> M\u00e9dica formada pela Universidade Federal de Pelotas\/RS. Ex-Bolsista do departamento de Sa\u00fade Materno Infantil &#8211; UFPel. T\u00e9cnica em nutri\u00e7\u00e3o e diet\u00e9tica pela Escola T\u00e9cnica Estadual Get\u00falio Vargas-SP. Mestranda em Ci\u00eancias Biol\u00f3gicas (Biologia Molecular) na Universidade Federal de S\u00e3o Paulo (EPM\/UNIFESP), pesquisadora do Centro de Pesquisa e Diagn\u00f3stico Molecular de Doen\u00e7as Gen\u00e9ticas do Prof. Dr. Jo\u00e3o Bosco Pesquero.<\/span><\/span><\/span><\/p><p align=\"justify\"><span style=\"color: #000000;\">\u00a0<\/span><\/p><p align=\"justify\"><strong><span style=\"color: #000000;\"><span style=\"font-family: tahoma, geneva, sans-serif;\"><span style=\"font-size: small;\">Projeto:<\/span><\/span><\/span><\/strong><span style=\"color: #000000;\"><span style=\"font-family: tahoma, geneva, sans-serif;\"><span style=\"font-size: small;\"> Doen\u00e7a de Fabry\u00a0<\/span><\/span><\/span><\/p><p align=\"justify\"><span style=\"color: #000000;\">\u00a0<\/span><\/p><p style=\"text-align: left;\" align=\"justify\"><strong><span style=\"color: #000000;\"><span style=\"font-family: tahoma, geneva, sans-serif;\"><span style=\"font-size: small;\">Curr\u00edculo Lattes:<\/span><\/span><\/span><\/strong><a href=\"http:\/\/lattes.cnpq.br\/8392349598196073\" target=\"_blank\" rel=\"noopener\"><span style=\"color: #000000;\"><span style=\"font-family: tahoma, geneva, sans-serif;\"><span style=\"font-size: small;\"> http:\/\/lattes.cnpq.br\/8392349598196073<\/span><\/span><\/span><\/a><\/p><\/td><\/tr><\/tbody><\/table><table style=\"height: 546px;\" width=\"619\" cellspacing=\"0\" cellpadding=\"2\"><tbody><tr><td width=\"100%\"><h2 style=\"text-align: right;\"><strong><span style=\"color: #000000;\">Regiane Ang<\/span><\/strong><strong><span style=\"color: #000000;\"><b>\u00e9<\/b><\/span><\/strong><strong><span style=\"color: #000000;\">lica Sabatini<img loading=\"lazy\" decoding=\"async\" data-recalc-dims=\"1\" class=\"size-full wp-image-206 alignright\" src=\"https:\/\/i0.wp.com\/labjbpesquero.com.br\/wp-content\/uploads\/2023\/08\/regiane_angelica_sabatini.jpg?resize=79%2C79&#038;ssl=1\" alt=\"\" width=\"79\" height=\"79\" \/><\/span><\/strong><\/h2><\/td><\/tr><tr><td width=\"100%\"><p align=\"justify\"><strong><span style=\"color: #000000;\"><span style=\"font-family: tahoma, geneva, sans-serif;\"><span style=\"font-size: small;\">Forma\u00e7\u00e3o<\/span><\/span><\/span><\/strong><span style=\"color: #000000;\"><span style=\"font-family: tahoma, geneva, sans-serif;\"><span style=\"font-size: small;\">: Possui gradua\u00e7\u00e3o em Ci\u00eancias Biol\u00f3gicas pela Universidade Estadual Paulista J\u00falio de Mesquita Filho (1997), mestrado em Ci\u00eancias Biol\u00f3gicas (Biologia Molecular) pela Universidade Federal de S\u00e3o Paulo (2001) e doutorado em Ci\u00eancias Biol\u00f3gicas (Biologia Molecular) pela Universidade Federal de S\u00e3o Paulo (2006). Realizou P\u00f3s- Doutorado no Max-Delbr\u00fcck Center for Molecular Medicine, Berlim-Alemanha. Foi bolsista do Programa de Desenvolvimento Cient\u00edfico e Tecnol\u00f3gico Regional (PDCR), desenvolvendo o projeto na Universidade Federal de Alagoas (UFAL). Desenvolveu projetos como p\u00f3s-doutoranda na UNIFESP com aux\u00edlio da CAPES, FAPESP e REUNI . <\/span><\/span><\/span><\/p><p align=\"justify\"><span style=\"color: #000000;\">\u00a0<\/span><\/p><p align=\"justify\"><strong><span style=\"color: #000000;\"><span style=\"font-family: tahoma, geneva, sans-serif;\"><span style=\"font-size: small;\">Projeto:<\/span><\/span><\/span><\/strong><span style=\"color: #000000;\"><span style=\"font-family: tahoma, geneva, sans-serif;\"><span style=\"font-size: small;\"> enzima conversora de angiotensina I, receptor de cininas, transdu\u00e7\u00e3o de sinal, substratos com supress\u00e3o intramolecular de fluoresc\u00eancia.<\/span><\/span><\/span><\/p><p align=\"justify\"><span style=\"color: #000000;\">\u00a0<\/span><\/p><p style=\"text-align: left;\" align=\"justify\"><strong><span style=\"color: #000000;\"><span style=\"font-family: tahoma, geneva, sans-serif;\"><span style=\"font-size: small;\">Curr\u00edculo Lattes: <\/span><\/span><\/span><\/strong><a href=\"http:\/\/lattes.cnpq.br\/0237680773207312\" target=\"_blank\" rel=\"noopener\"><span style=\"color: #000000;\"><span style=\"font-family: tahoma, geneva, sans-serif;\"><span style=\"font-size: small;\">http:\/\/lattes.cnpq.br\/0237680773207312<\/span><\/span><\/span><\/a><\/p><\/td><\/tr><\/tbody><\/table><table style=\"height: 378px;\" width=\"619\" cellspacing=\"0\" cellpadding=\"2\"><tbody><tr><td width=\"100%\"><h2 style=\"text-align: right;\"><strong><span style=\"color: #000000;\">Debora Cristina Sampaio de Oliveira Rosa<img loading=\"lazy\" decoding=\"async\" data-recalc-dims=\"1\" class=\"size-full wp-image-210 alignright\" src=\"https:\/\/i0.wp.com\/labjbpesquero.com.br\/wp-content\/uploads\/2023\/08\/DeboraRosa.jpg?resize=79%2C99&#038;ssl=1\" alt=\"\" width=\"79\" height=\"99\" \/><\/span><\/strong><\/h2><\/td><\/tr><tr><td width=\"100%\"><p align=\"justify\"><strong><span style=\"color: #000000;\"><span style=\"font-family: tahoma, geneva, sans-serif;\"><span style=\"font-size: small;\">Forma\u00e7\u00e3o:<\/span><\/span><\/span><\/strong><span style=\"color: #000000;\"><span style=\"font-family: tahoma, geneva, sans-serif;\"><span style=\"font-size: small;\"> Possui gradua\u00e7\u00e3o em Medicina Veterin\u00e1ria &#8211; Faculdades Metropolitanas Unidas (2004). Atualmente \u00e9 m\u00e9dica veterin\u00e1ria da Universidade Federal de S\u00e3o Paulo. Tem experi\u00eancia na \u00e1rea de Medicina Veterin\u00e1ria, com \u00eanfase em Pesquisa.<\/span><\/span><\/span><\/p><p align=\"justify\"><span style=\"color: #000000;\">\u00a0<\/span><\/p><p style=\"text-align: left;\" align=\"justify\"><strong><span style=\"color: #000000;\"><span style=\"font-family: tahoma, geneva, sans-serif;\"><span style=\"font-size: small;\">Curr\u00edculo Lattes:<\/span><\/span><\/span><\/strong><a href=\"http:\/\/lattes.cnpq.br\/2895493621688421\" target=\"_blank\" rel=\"noopener\"><span style=\"color: #000000;\"><span style=\"font-family: tahoma, geneva, sans-serif;\"><span style=\"font-size: small;\"> http:\/\/lattes.cnpq.br\/2895493621688421<\/span><\/span><\/span><\/a><\/p><\/td><\/tr><\/tbody><\/table><table style=\"height: 453px;\" width=\"619\" cellspacing=\"0\" cellpadding=\"2\"><tbody><tr><td width=\"100%\"><h2 style=\"text-align: right;\"><strong><span style=\"color: #000000;\">Ana Carolina de Oliveira Santos<img loading=\"lazy\" decoding=\"async\" data-recalc-dims=\"1\" class=\"size-full wp-image-214 alignright\" src=\"https:\/\/i0.wp.com\/labjbpesquero.com.br\/wp-content\/uploads\/2023\/08\/AnaCarolinadeOliveiraSantos.png?resize=79%2C105&#038;ssl=1\" alt=\"\" width=\"79\" height=\"105\" \/><\/span><\/strong><\/h2><\/td><\/tr><tr><td width=\"100%\"><p align=\"justify\"><strong><span style=\"color: #000000;\"><span style=\"font-family: Tahoma, Geneva, sans-serif;\"><span style=\"font-size: small;\">Forma\u00e7\u00e3o:<\/span><\/span><\/span><\/strong><span style=\"color: #000000;\"><span style=\"font-family: Tahoma, Geneva, sans-serif;\"><span style=\"font-size: small;\"> Possui gradua\u00e7\u00e3o em Biomedicina pelo Centro Universit\u00e1rio das Faculdades Metropolitanas Unidas (2003) e mestrado em Hepatites Virais pela Faculdade de Medicina da Universidade S\u00e3o Paulo (2008). Atualmente \u00e9 coordenadora do curso de biomedicina da Universidade Ibirapuera.<\/span><\/span><\/span><\/p><p align=\"justify\"><span style=\"color: #000000;\">\u00a0<\/span><\/p><p align=\"justify\"><strong><span style=\"color: #000000;\"><span style=\"font-family: Tahoma, Geneva, sans-serif;\"><span style=\"font-size: small;\">Projeto:<\/span><\/span><\/span><\/strong><span style=\"color: #000000;\"><span style=\"font-family: Tahoma, Geneva, sans-serif;\"><span style=\"font-size: small;\"> porfirias, hist\u00f3ria das porfirias e biossintese do heme. <\/span><\/span><\/span><\/p><p style=\"text-align: left;\" align=\"justify\"><span style=\"color: #000000;\"><span style=\"font-family: Tahoma, Geneva, sans-serif;\"><span style=\"font-size: small;\"><strong>Curr\u00edculo Lattes:<\/strong> <a href=\"http:\/\/lattes.cnpq.br\/6019194319515772\" target=\"_blank\" rel=\"noopener\">http:\/\/lattes.cnpq.br\/6019194319515772<\/a><\/span><\/span><\/span><\/p><\/td><\/tr><\/tbody><\/table><table style=\"height: 427px;\" width=\"619\" cellspacing=\"0\" cellpadding=\"2\"><tbody><tr><td width=\"100%\"><h2 style=\"text-align: right;\"><strong><span style=\"color: #000000;\">Fernanda Rossell Malinsky<img loading=\"lazy\" decoding=\"async\" data-recalc-dims=\"1\" class=\"size-full wp-image-222 alignright\" src=\"https:\/\/i0.wp.com\/labjbpesquero.com.br\/wp-content\/uploads\/2023\/08\/fernanda_rossell_malinsky.jpg?resize=79%2C79&#038;ssl=1\" alt=\"\" width=\"79\" height=\"79\" \/><\/span><\/strong><\/h2><\/td><\/tr><tr><td width=\"100%\"><p align=\"justify\"><strong><span style=\"color: #000000;\"><span style=\"font-family: tahoma, geneva, sans-serif;\"><span style=\"font-size: small;\">Forma\u00e7\u00e3o:<\/span><\/span><\/span><\/strong><span style=\"color: #000000;\"><span style=\"font-family: tahoma, geneva, sans-serif;\"><span style=\"font-size: small;\"> Bi\u00f3loga pela Universidade do Vale do Rio dos SInos (2007), mestre (2011) e doutora (2016) em Ci\u00eancias Biol\u00f3gicas (Biologia Molecular) pela Universidade Federal de S\u00e3o Paulo (UNIFESP\/EPM). Tem experi\u00eancia em laborat\u00f3rios de gen\u00e9tica, imunogen\u00e9tica e biologia molecular. <\/span><\/span><\/span><\/p><p align=\"justify\"><span style=\"color: #000000;\">\u00a0<\/span><\/p><p align=\"justify\"><strong><span style=\"color: #000000;\"><span style=\"font-family: tahoma, geneva, sans-serif;\"><span style=\"font-size: small;\">Projeto:<\/span><\/span><\/span><\/strong><span style=\"color: #000000;\"><span style=\"font-family: tahoma, geneva, sans-serif;\"><span style=\"font-size: small;\"> Biologia do tecido \u00f3sseo, sistema calicre\u00edna-cininas e diagn\u00f3stico gen\u00e9tico.<\/span><\/span><\/span><\/p><p align=\"justify\"><span style=\"color: #000000;\">\u00a0<\/span><\/p><p style=\"text-align: left;\" align=\"justify\"><strong><span style=\"color: #000000;\"><span style=\"font-family: tahoma, geneva, sans-serif;\"><span style=\"font-size: small;\">Curr\u00edculo Lattes:<\/span><\/span><\/span><\/strong><a href=\"http:\/\/lattes.cnpq.br\/5634537517289544\" target=\"_blank\" rel=\"noopener\"><span style=\"color: #000000;\"><span style=\"font-family: tahoma, geneva, sans-serif;\"><span style=\"font-size: small;\"> http:\/\/lattes.cnpq.br\/5634537517289544<\/span><\/span><\/span><\/a><\/p><\/td><\/tr><\/tbody><\/table><table style=\"height: 547px;\" width=\"619\" cellspacing=\"0\" cellpadding=\"2\"><tbody><tr><td width=\"100%\"><h2 style=\"text-align: right;\"><strong><span style=\"color: #000000;\">Paola Bianchi Guimar<\/span><\/strong><strong><span style=\"color: #000000;\"><b>\u00e3<\/b><\/span><\/strong><strong><span style=\"color: #000000;\">es<img loading=\"lazy\" decoding=\"async\" data-recalc-dims=\"1\" class=\"size-full wp-image-226 alignright\" src=\"https:\/\/i0.wp.com\/labjbpesquero.com.br\/wp-content\/uploads\/2023\/08\/Paola_bianchi_guimaraes.jpg?resize=79%2C79&#038;ssl=1\" alt=\"\" width=\"79\" height=\"79\" \/><\/span><\/strong><\/h2><\/td><\/tr><tr><td width=\"100%\"><p align=\"justify\"><strong><span style=\"color: #000000;\"><span style=\"font-family: tahoma, geneva, sans-serif;\"><span style=\"font-size: small;\">Forma\u00e7\u00e3o:<\/span><\/span><\/span><\/strong><span style=\"color: #000000;\"><span style=\"font-family: tahoma, geneva, sans-serif;\"><span style=\"font-size: small;\"> Biom\u00e9dica, Mestre e Doutora em Ci\u00eancias pela UNIFESP. P\u00f3s-doutorado no Departamento de Biof\u00edsica da UNIFESP, com o estudo da enzimologia do sistema renina-angiotensinas e calicre\u00edna-cininas. Especialista em Assuntos Regulat\u00f3rios e Registro de Produtos, Medicamentos e Cosm\u00e9ticos no \u00e2mbito da ANVISA, pelo Instituto Racine. Tem experi\u00eancia na \u00e1rea de Bioqu\u00edmica\/Biologia Molecular (foco cardiovascular e inflamat\u00f3rio), gerenciamento t\u00e9cnico-cient\u00edfico e financeiro de projetos. Atualmente \u00e9 Analista de Bioequival\u00eancia na Libbs Farmac\u00eautica, em que realiza viabilidade t\u00e9cnico-econ\u00f4mica de novos produtos.<\/span><\/span><\/span><\/p><p align=\"justify\"><span style=\"color: #000000;\">\u00a0<\/span><\/p><p align=\"justify\"><strong><span style=\"color: #000000;\"><span style=\"font-family: tahoma, geneva, sans-serif;\"><span style=\"font-size: small;\">Projeto:<\/span><\/span><\/span><\/strong><span style=\"color: #000000;\"><span style=\"font-family: tahoma, geneva, sans-serif;\"><span style=\"font-size: small;\"> Modula\u00e7\u00e3o da atividade da CPM pelos receptores B1 e B2 de cininas em diferentes modelos celulares.<\/span><\/span><\/span><\/p><p align=\"justify\"><span style=\"color: #000000;\">\u00a0<\/span><\/p><p style=\"text-align: left;\" align=\"justify\"><strong><span style=\"color: #000000;\"><span style=\"font-family: tahoma, geneva, sans-serif;\"><span style=\"font-size: small;\">Curr\u00edculo Lattes:<\/span><\/span><\/span><\/strong><span style=\"color: #000000;\"><span style=\"font-family: tahoma, geneva, sans-serif;\"><span style=\"font-size: small;\"><a href=\"http:\/\/lattes.cnpq.br\/8805300633706274\" target=\"_blank\" rel=\"noopener\"> http:\/\/lattes.cnpq.br\/8805300633706274<\/a><br \/><\/span><\/span><\/span><\/p><\/td><\/tr><\/tbody><\/table><table style=\"height: 489px;\" width=\"619\" cellspacing=\"0\" cellpadding=\"2\"><tbody><tr><td width=\"100%\"><h2 style=\"text-align: right;\"><strong><span style=\"color: #000000;\">Daniele da Soledade Franca Ferreira<img loading=\"lazy\" decoding=\"async\" data-recalc-dims=\"1\" class=\"size-full wp-image-231 alignright\" src=\"https:\/\/i0.wp.com\/labjbpesquero.com.br\/wp-content\/uploads\/2023\/08\/daniele_soledade_franca_ferreira.jpg?resize=79%2C79&#038;ssl=1\" alt=\"\" width=\"79\" height=\"79\" \/><\/span><\/strong><\/h2><\/td><\/tr><tr><td width=\"100%\"><p align=\"justify\"><strong><span style=\"color: #000000;\"><span style=\"font-family: tahoma, geneva, sans-serif;\"><span style=\"font-size: small;\">Forma\u00e7\u00e3o:<\/span><\/span><\/span><\/strong><span style=\"color: #000000;\"><span style=\"font-family: tahoma, geneva, sans-serif;\"><span style=\"font-size: small;\"> Biom\u00e9dica pela Universidade de Mogi das Cruzes (2002) e Doutora em Ci\u00eancias pelo Departamento de Microbiologia, Imunologia e Parasitologia da Universidade Federal de S\u00e3o Paulo (2007). P\u00f3s-doutora pelo Programa de P\u00f3s-Gradua\u00e7\u00e3o em Biologia Molecular da UNIFESP\/EPM. Tem experi\u00eancia nas \u00e1reas do Sistema Calicre\u00edna- Cininas, com \u00eanfase no tecido \u00f3sseo, de Parasitologia, com \u00eanfase em Protozoologia Parasit\u00e1ria Humana e de Biologia Molecular, com \u00eanfase em produ\u00e7\u00e3o de prote\u00ednas. Atua principalmente nos seguintes temas: clonagem g\u00eanica, express\u00e3o e purifica\u00e7\u00e3o prot\u00e9ica, anticorpos monoclonais, testes biol\u00f3gicos, sinaliza\u00e7\u00e3o celular, invas\u00e3o celular, biologia do tecido \u00f3sseo e sistema calicre\u00edna-cininas, modelos animais de experimenta\u00e7\u00e3o.\u00a0<\/span><\/span><\/span><\/p><p style=\"text-align: left;\" align=\"justify\"><span style=\"color: #000000;\">\u00a0<\/span><\/p><p style=\"text-align: left;\" align=\"justify\"><strong><span style=\"color: #000000;\"><span style=\"font-family: tahoma, geneva, sans-serif;\"><span style=\"font-size: small;\">Curr\u00edculo Lattes:<\/span><\/span><\/span><\/strong><a href=\"http:\/\/lattes.cnpq.br\/4910219977650217\" target=\"_blank\" rel=\"noopener\"><span style=\"color: #000000;\"><span style=\"font-family: tahoma, geneva, sans-serif;\"><span style=\"font-size: small;\"> http:\/\/lattes.cnpq.br\/4910219977650217<\/span><\/span><\/span><\/a><\/p><\/td><\/tr><\/tbody><\/table><table style=\"height: 502px;\" width=\"620\" cellspacing=\"0\" cellpadding=\"2\"><tbody><tr><td width=\"100%\"><h2 style=\"text-align: right;\"><strong><span style=\"color: #000000;\">Thais Goncalves Zillo<img loading=\"lazy\" decoding=\"async\" data-recalc-dims=\"1\" class=\"size-full wp-image-236 alignright\" src=\"https:\/\/i0.wp.com\/labjbpesquero.com.br\/wp-content\/uploads\/2023\/08\/ThaisGoncalves.gif?resize=79%2C105&#038;ssl=1\" alt=\"\" width=\"79\" height=\"105\" \/><\/span><\/strong><\/h2><\/td><\/tr><tr><td width=\"100%\"><p align=\"justify\"><strong><span style=\"color: #000000;\"><span style=\"font-family: tahoma, geneva, sans-serif;\"><span style=\"font-size: small;\">Forma\u00e7\u00e3o<\/span><\/span><\/span><\/strong><span style=\"color: #000000;\"><span style=\"font-family: tahoma, geneva, sans-serif;\"><span style=\"font-size: small;\">: Possui gradua\u00e7\u00e3o em Odontologia pela Universidade Federal da Bahia (2002), especializa\u00e7\u00e3o em Periodontia pela Escola de Aperfei\u00e7oamento Profissional ABO-BA (2004), mestrado em Cl\u00ednica Odontol\u00f3gica pela Universidade Estadual de Campinas (2007) e com doutorado em andamento na \u00e1rea de Biologia Molecular. Tem experi\u00eancia na \u00e1rea de Odontologia, com \u00eanfase em Periodontia.<\/span><\/span><\/span><\/p><p align=\"justify\"><span style=\"color: #000000;\">\u00a0<\/span><\/p><p align=\"justify\"><strong><span style=\"color: #000000;\"><span style=\"font-family: tahoma, geneva, sans-serif;\"><span style=\"font-size: small;\">Projeto:<\/span><\/span><\/span><\/strong><span style=\"color: #000000;\"><span style=\"font-family: tahoma, geneva, sans-serif;\"><span style=\"font-size: small;\"> periodontia, imunologia da doen\u00e7a periodontal, osteoclastog\u00eanese e sistema calicre\u00edna-cininas.<\/span><\/span><\/span><\/p><p style=\"text-align: left;\" align=\"justify\"><span style=\"color: #000000;\">\u00a0<\/span><\/p><p style=\"text-align: left;\" align=\"justify\"><strong><span style=\"color: #000000;\"><span style=\"font-family: tahoma, geneva, sans-serif;\"><span style=\"font-size: small;\">Curr\u00edculo Lattes: <\/span><\/span><\/span><\/strong><a href=\"http:\/\/lattes.cnpq.br\/4664150941559294\" target=\"_blank\" rel=\"noopener\"><span style=\"color: #000000;\"><span style=\"font-family: tahoma, geneva, sans-serif;\"><span style=\"font-size: small;\">http:\/\/lattes.cnpq.br\/4664150941559294<\/span><\/span><\/span><\/a><\/p><\/td><\/tr><\/tbody><\/table><table style=\"height: 687px;\" width=\"619\" cellspacing=\"0\" cellpadding=\"2\"><tbody><tr><td width=\"100%\"><h2 style=\"text-align: right;\"><strong><span style=\"color: #000000;\">Erika Lorena Fonseca Costa de Alvarenga<img loading=\"lazy\" decoding=\"async\" data-recalc-dims=\"1\" class=\"size-full wp-image-281 alignright\" src=\"https:\/\/i0.wp.com\/labjbpesquero.com.br\/wp-content\/uploads\/2023\/08\/Erika.jpg?resize=79%2C98&#038;ssl=1\" alt=\"\" width=\"79\" height=\"98\" \/><\/span><\/strong><\/h2><\/td><\/tr><tr><td width=\"100%\"><p align=\"justify\"><strong><span style=\"color: #000000;\"><span style=\"font-family: tahoma, geneva, sans-serif;\"><span style=\"font-size: small;\"><span lang=\"en-US\">Forma\u00e7\u00e3o acad\u00eamica: <\/span><\/span><\/span><\/span><\/strong><span style=\"color: #000000;\"><span style=\"font-family: tahoma, geneva, sans-serif;\"><span style=\"font-size: small;\"><span lang=\"en-US\">Graduado em Fisioterapia pela Pontif\u00edcia Universidade Cat\u00f3lica de Minas Gerais (2005), especialista em Fisiologia do Exerc\u00edcio pelo Centro Especializado em Fisiologia do Exerc\u00edcio (CEFE &#8211; UNIFESP, 2008). Mestre em Ci\u00eancias pela Universidade Federal de S\u00e3o Paulo (UNIFESP, 2008). Doutorado em Ci\u00eancias pela UNIFESP (2012). Doutora em Fisiologia e Biof\u00edsica pela Universidade Federal de Minas Gerais (UFMG) e P\u00f3s-Doutora em Bioinform\u00e1tica (UFMG). Atualmente \u00e9 Professora Adjunta do Departamento de Ci\u00eancias Naturais da Universidade Federal de S\u00e3o Jo\u00e3o del Rei. Tem experi\u00eancia na \u00e1rea de Promo\u00e7\u00e3o Humana, Fisiologia, Anatomia, Biologia e Fisiologia Celular e Molecular e Nanobiotecnologia, com \u00eanfase em Toxicidade de Nanomateriais In Vitro; Desenvolvimento de Modelos In Vitro Cultura Celular 2D e 3D; Nanobiocomp\u00f3sitos, Produ\u00e7\u00e3o de nanobiocomp\u00f3sitos para regenera\u00e7\u00e3o tecidual e Biologia do tecido \u00f3sseo. Participa da Rede Mineira de Pesquisa e Inova\u00e7\u00e3o para Bioengenharia de Nanosistemas (RM PI-BEN). Atualmente \u00e9 Vice-coordenadora do PPGCM e Coordenadora da \u00e1rea de Ci\u00eancias Biol\u00f3gicas da C\u00e2mara de Inicia\u00e7\u00e3o Cient\u00edfica da UFSJ.<\/span><\/span><\/span><\/span><\/p><p align=\"justify\"><strong><span style=\"color: #000000;\"><span style=\"font-family: tahoma, geneva, sans-serif;\"><span style=\"font-size: small;\"><span lang=\"en-US\">Projetos: <\/span><\/span><\/span><\/span><\/strong><span style=\"color: #000000;\"><span style=\"font-family: tahoma, geneva, sans-serif;\"><span style=\"font-size: small;\"><span lang=\"en-US\">Biologia do Tecido \u00d3sseo, mecanotransdu\u00e7\u00e3o, c\u00e1lcio, sinaliza\u00e7\u00e3o da Enzima Conversora de Angiotensina I e c\u00e2ncer<\/span><\/span><\/span><\/span><\/p><p style=\"text-align: left;\" align=\"justify\"><strong><span style=\"color: #000000;\"><span style=\"font-family: tahoma, geneva, sans-serif;\"><span style=\"font-size: small;\"><span lang=\"en-US\">Curr\u00edculo Lattes: <\/span><\/span><\/span><\/span><\/strong><a href=\"http:\/\/lattes.cnpq.br\/2471588807350361\" target=\"_blank\" rel=\"noopener\"><span style=\"color: #000000;\"><span style=\"font-family: tahoma, geneva, sans-serif;\"><span style=\"font-size: small;\"><span lang=\"en-US\">http:\/\/lattes.cnpq.br\/6549536708522132<\/span><\/span><\/span><\/span><\/a><strong><span style=\"color: #000000;\"><span style=\"font-family: tahoma, geneva, sans-serif;\"><span style=\"font-size: small;\"><span lang=\"en-US\"><br \/><\/span><\/span><\/span><\/span><\/strong><\/p><\/td><\/tr><\/tbody><\/table><table style=\"height: 493px;\" width=\"619\" cellspacing=\"0\" cellpadding=\"2\"><tbody><tr><td width=\"100%\"><h2 style=\"text-align: right;\"><strong><span style=\"color: #000000;\">Camila Lopes Veronez<img loading=\"lazy\" decoding=\"async\" data-recalc-dims=\"1\" class=\"size-full wp-image-285 alignright\" src=\"https:\/\/i0.wp.com\/labjbpesquero.com.br\/wp-content\/uploads\/2023\/08\/Camila.jpg?resize=79%2C105&#038;ssl=1\" alt=\"\" width=\"79\" height=\"105\" \/><\/span><\/strong><\/h2><\/td><\/tr><tr><td width=\"100%\"><p align=\"justify\"><span style=\"color: #000000;\"><span style=\"font-family: tahoma, geneva, sans-serif;\"><span style=\"font-size: small;\"><strong>Forma\u00e7\u00e3o acad\u00eamica:<\/strong> Gradua\u00e7\u00e3o em Ci\u00eancias Biol\u00f3gicas &#8211; Modalidade M\u00e9dica pela Universidade Federal de S\u00e3o Paulo (UNIFESP, 2009), Mestrado em Ci\u00eancias Biol\u00f3gicas (Biologia Molecular) pela UNIFESP (2012). Doutorado em Biologia Molecular pela UNIFESP (2016). P\u00f3s-doutorado no Max-Delbr\u00fcck-Center for Molecular Medicine em Berlim, Alemanha (2017-2018). Atualmente \u00e9 P\u00f3s-Doutoranda no Departamento de Biof\u00edsica da UNIFESP sob supervis\u00e3o do Professor Jo\u00e3o Bosco Pesquero. Tem experi\u00eancia na \u00e1rea de Bioqu\u00edmica e no estudo das prote\u00ednas do sistema plasm\u00e1tico Kalicrein-Kinin, angioedema heredit\u00e1rio e angioedema mediado por bradicinina.<\/span><\/span><\/span><\/p><p style=\"text-align: left;\" align=\"justify\"><span style=\"color: #000000;\"><span style=\"font-family: tahoma, geneva, sans-serif;\"><span style=\"font-size: small;\"><strong>Projeto:<\/strong> Gera\u00e7\u00e3o e estabelecimento de modelos animais transg\u00eanicos e protocolos de edi\u00e7\u00e3o g\u00eanica no estudo de temas de interesse. <\/span><\/span><\/span><\/p><p style=\"text-align: left;\" align=\"justify\"><span style=\"color: #000000;\"><span style=\"font-family: tahoma, geneva, sans-serif;\"><span style=\"font-size: small;\"><strong>Curr\u00edculo Lattes:<\/strong> <a href=\"http:\/\/lattes.cnpq.br\/1875330302239468\" target=\"_blank\" rel=\"noopener\">http:\/\/lattes.cnpq.br\/1875330302239468<\/a><\/span><\/span><\/span><\/p><\/td><\/tr><\/tbody><\/table><table style=\"height: 397px;\" width=\"619\" cellspacing=\"0\" cellpadding=\"2\"><tbody><tr><td width=\"100%\"><h2 style=\"text-align: right;\"><strong><span style=\"color: #000000;\">Nathalia Cagini<img loading=\"lazy\" decoding=\"async\" data-recalc-dims=\"1\" class=\"size-full wp-image-289 alignright\" src=\"https:\/\/i0.wp.com\/labjbpesquero.com.br\/wp-content\/uploads\/2023\/08\/nathalia_cagini.jpg?resize=79%2C79&#038;ssl=1\" alt=\"\" width=\"79\" height=\"79\" \/><\/span><\/strong><\/h2><\/td><\/tr><tr><td width=\"100%\"><p align=\"justify\"><span style=\"color: #000000;\"><span style=\"font-family: tahoma, geneva, sans-serif;\"><span style=\"font-size: small;\"><strong>Forma\u00e7\u00e3o acad\u00eamica:<\/strong> Gradua\u00e7\u00e3o em Biomedicina (2010) pelo Centro Universit\u00e1rio Herm\u00ednio Ometto &#8211; UNIARARAS e Mestrado pela Universidade Federal de S\u00e3o Paulo (UNIFESP). Doutorando em Biologia Molecular pela UNIFESP<\/span><\/span><\/span><\/p><p align=\"justify\"><span style=\"color: #000000;\"><span style=\"font-family: tahoma, geneva, sans-serif;\"><span style=\"font-size: small;\"><strong>Projeto:<\/strong> Padroniza\u00e7\u00e3o de Metodologia de Sequenciamento dos Genes do Fator XII, do Inibidor de C1 &#8211; esterase (C1 INH) e do receptor B2 de cininas. An\u00e1lise da Rela\u00e7\u00e3o entre esses Genes com os sintomas do Angioedema Heredit\u00e1rio (AEH), sob supervis\u00e3o do Professor Jo\u00e3o Bosco Pesquero.<\/span><\/span><\/span><\/p><p style=\"text-align: left;\" align=\"justify\"><span style=\"color: #000000;\"><span style=\"font-family: tahoma, geneva, sans-serif;\"><span style=\"font-size: small;\"><strong>Curr\u00edculo Lattes:<\/strong> <a href=\"http:\/\/lattes.cnpq.br\/8205776556960233\" target=\"_blank\" rel=\"noopener\">http:\/\/lattes.cnpq.br\/8205776556960233<\/a><\/span><\/span><\/span><\/p><\/td><\/tr><\/tbody><\/table><table style=\"height: 514px;\" width=\"619\" cellspacing=\"0\" cellpadding=\"2\"><tbody><tr><td width=\"100%\"><h2 style=\"text-align: right;\"><strong><span style=\"color: #000000;\">Douglas Oliveira Soares de Faria<img loading=\"lazy\" decoding=\"async\" data-recalc-dims=\"1\" class=\"size-full wp-image-293 alignright\" src=\"https:\/\/i0.wp.com\/labjbpesquero.com.br\/wp-content\/uploads\/2023\/08\/douglas_oliveira_soares_faria.jpg?resize=79%2C79&#038;ssl=1\" alt=\"\" width=\"79\" height=\"79\" \/><\/span><\/strong><\/h2><\/td><\/tr><tr><td width=\"100%\"><p align=\"justify\"><span style=\"color: #000000;\"><span style=\"font-family: tahoma, geneva, sans-serif;\"><span style=\"font-size: small;\"><strong>Forma\u00e7\u00e3o acad\u00eamica:<\/strong> Graduado em Biomedicina pela Universidade Federal do Tri\u00e2ngulo Mineiro (UFTM, 2010) e Mestre em Biologia Molecular pela Universidade Federal de S\u00e3o Paulo (UNIFESP). Em 2015, iniciou o Doutorado em Ci\u00eancias Biom\u00e9dicas no Departamento de Gen\u00e9tica Cl\u00ednica em Roterdan, Holanda. Tem experi\u00eancia em Biologia Molecular de doen\u00e7as gen\u00e9ticas de dep\u00f3sito lisoss\u00f4mico, principalmente para a doen\u00e7a de Pompe. O projeto de doutorado est\u00e1 sendo realizado no Pompe Center, um centro de refer\u00eancia mundial para a doen\u00e7a de Pompe. Colaborador do Centro de Pesquisa e Diagn\u00f3stico Molecular de Doen\u00e7as Gen\u00e9ticas sob a supervis\u00e3o do Prof. Dr. Jo\u00e3o Bosco Pesquero pelo Departamento de Biof\u00edsica da Universidade Federal de S\u00e3o Paulo &#8211; UNIFESP.<\/span><\/span><\/span><\/p><p style=\"text-align: left;\" align=\"justify\"><span style=\"color: #000000;\"><span style=\"font-family: tahoma, geneva, sans-serif;\"><span style=\"font-size: small;\"><strong>Projeto:<\/strong> Desenvolvimento de uma t\u00e9cnica de Quantifica\u00e7\u00e3o de Exons para o diagn\u00f3stico de grandes dele\u00e7\u00f5es e inser\u00e7\u00f5es na Doen\u00e7a de Pompe.<\/span><\/span><\/span><\/p><p style=\"text-align: left;\" align=\"justify\"><span style=\"color: #000000;\"><span style=\"font-family: tahoma, geneva, sans-serif;\"><span style=\"font-size: small;\"><strong>Curr\u00edculo Lattes:<\/strong> <a href=\"http:\/\/lattes.cnpq.br\/5090125891826909\" target=\"_blank\" rel=\"noopener\">http:\/\/lattes.cnpq.br\/5090125891826909<\/a><\/span><\/span><\/span><\/p><\/td><\/tr><\/tbody><\/table><table style=\"height: 429px;\" width=\"619\" cellspacing=\"0\" cellpadding=\"2\"><tbody><tr><td width=\"100%\"><h2 style=\"text-align: right;\"><strong><span style=\"color: #000000;\">Fabiana Louise Teixeira Motta<img loading=\"lazy\" decoding=\"async\" data-recalc-dims=\"1\" class=\"size-full wp-image-297 alignright\" src=\"https:\/\/i0.wp.com\/labjbpesquero.com.br\/wp-content\/uploads\/2023\/08\/FabianeLouise.jpg?resize=79%2C79&#038;ssl=1\" alt=\"\" width=\"79\" height=\"79\" \/><\/span><\/strong><\/h2><\/td><\/tr><tr><td width=\"100%\"><p align=\"justify\"><strong><span style=\"color: #000000;\"><span style=\"font-family: tahoma, geneva, sans-serif;\"><span style=\"font-size: small;\">Forma\u00e7\u00e3o:<\/span><\/span><\/span><\/strong><span style=\"color: #000000;\"><span style=\"font-family: tahoma, geneva, sans-serif;\"><span style=\"font-size: small;\"> Mestrado em Ci\u00eancias Biol\u00f3gicas (Biologia molecular) UNIFESP; Possui gradua\u00e7\u00e3o em Ci\u00eancias Biol\u00f3gicas &#8211; modalidade M\u00e9dica pela Universidade Federal de S\u00e3o Paulo (2005). <\/span><\/span><\/span><\/p><p align=\"justify\"><span style=\"color: #000000;\">\u00a0<\/span><\/p><p align=\"justify\"><strong><span style=\"color: #000000;\"><span style=\"font-family: tahoma, geneva, sans-serif;\"><span style=\"font-size: small;\">Projeto:<\/span><\/span><\/span><\/strong><span style=\"color: #000000;\"><span style=\"font-family: tahoma, geneva, sans-serif;\"><span style=\"font-size: small;\"> Biologia Molecular e Celular, Produ\u00e7\u00e3o de Animais Transg\u00eanicos e Sequenciamento de Pr\u00f3xima gera\u00e7\u00e3o.<\/span><\/span><\/span><\/p><p align=\"justify\"><span style=\"color: #000000;\">\u00a0<\/span><\/p><p style=\"text-align: left;\" align=\"justify\"><strong><span style=\"color: #000000;\"><span style=\"font-family: tahoma, geneva, sans-serif;\"><span style=\"font-size: small;\">Curr\u00edculo Lattes: <\/span><\/span><\/span><\/strong><a href=\"http:\/\/lattes.cnpq.br\/4556717951053475\" target=\"_blank\" rel=\"noopener\"><span style=\"color: #000000;\"><span style=\"font-family: tahoma, geneva, sans-serif;\"><span style=\"font-size: small;\">http:\/\/lattes.cnpq.br\/4556717951053475<\/span><\/span><\/span><\/a><\/p><\/td><\/tr><\/tbody><\/table><p>\u00a0<\/p><table style=\"height: 311px;\" width=\"619\" cellspacing=\"0\" cellpadding=\"2\"><tbody><tr><td width=\"100%\"><h2 style=\"text-align: right;\"><strong><span style=\"color: #000000;\">Weslley Wallace de Alcantara Araujo Amorim<img loading=\"lazy\" decoding=\"async\" data-recalc-dims=\"1\" class=\"wp-image-302 alignright\" src=\"https:\/\/i0.wp.com\/labjbpesquero.com.br\/wp-content\/uploads\/2023\/08\/WWAAA.jpeg?resize=79%2C79&#038;ssl=1\" alt=\"\" width=\"79\" height=\"79\" srcset=\"https:\/\/i0.wp.com\/labjbpesquero.com.br\/wp-content\/uploads\/2023\/08\/WWAAA.jpeg?resize=150%2C150&amp;ssl=1 150w, https:\/\/i0.wp.com\/labjbpesquero.com.br\/wp-content\/uploads\/2023\/08\/WWAAA.jpeg?zoom=3&amp;resize=79%2C79&amp;ssl=1 237w\" sizes=\"(max-width: 79px) 100vw, 79px\" \/><\/span><\/strong><\/h2><\/td><\/tr><tr><td width=\"100%\"><p align=\"justify\"><strong><span style=\"color: #000000;\"><span style=\"font-family: tahoma, geneva, sans-serif;\"><span style=\"font-size: small;\">Forma\u00e7\u00e3o:<\/span><\/span><\/span><\/strong><span style=\"color: #000000;\"><span style=\"font-family: tahoma, geneva, sans-serif;\"><span style=\"font-size: small;\"> Biom\u00e9dico pela Universidade Nove de Julho &#8211; UNINOVE, S\u00e3o Paulo Brasil. Mestre em ci\u00eancias biol\u00f3gicas (Biologia Molecular) pela Universidade Federal de S\u00e3o Paulo &#8211; UNIFESP, S\u00e3o Paulo Brasil.<\/span><\/span><\/span><\/p><p style=\"text-align: left;\" align=\"justify\"><strong><span style=\"color: #000000;\"><span style=\"font-family: tahoma, geneva, sans-serif;\"><span style=\"font-size: small;\">Curr\u00edculo Lattes:<\/span><\/span><\/span><\/strong><a href=\"http:\/\/lattes.cnpq.br\/7381934076497000\" target=\"_blank\" rel=\"noopener\"><span style=\"color: #000000;\"><span style=\"font-family: tahoma, geneva, sans-serif;\"><span style=\"font-size: small;\"> http:\/\/lattes.cnpq.br\/7381934076497000<\/span><\/span><\/span><\/a><\/p><\/td><\/tr><\/tbody><\/table><center><table style=\"height: 445px;\" width=\"619\" cellspacing=\"0\" cellpadding=\"2\"><tbody><tr><td width=\"100%\"><h2 style=\"text-align: right;\"><strong><span style=\"color: #000000;\">Marina Rodrigues e Silva<img loading=\"lazy\" decoding=\"async\" data-recalc-dims=\"1\" class=\"size-full wp-image-435 alignright\" src=\"https:\/\/i0.wp.com\/labjbpesquero.com.br\/wp-content\/uploads\/2023\/08\/marina_rodrigues_silva.jpg?resize=79%2C79&#038;ssl=1\" alt=\"\" width=\"79\" height=\"79\" \/><\/span><\/strong><\/h2><p>\u00a0<\/p><\/td><\/tr><tr><td width=\"100%\"><p align=\"justify\"><strong><span style=\"color: #000000;\"><span style=\"font-family: tahoma, geneva, sans-serif;\"><span style=\"font-size: small;\">F<\/span><\/span><\/span><\/strong><strong><span style=\"color: #000000;\"><span style=\"font-family: tahoma, geneva, sans-serif;\"><span style=\"font-size: small;\">orma<\/span><\/span><\/span><\/strong><strong><span style=\"color: #000000;\"><span style=\"font-family: tahoma, geneva, sans-serif;\"><span style=\"font-size: small;\">\u00e7<\/span><\/span><\/span><\/strong><strong><span style=\"color: #000000;\"><span style=\"font-family: tahoma, geneva, sans-serif;\"><span style=\"font-size: small;\"><b>\u00e3<\/b><\/span><\/span><\/span><\/strong><strong><span style=\"color: #000000;\"><span style=\"font-family: tahoma, geneva, sans-serif;\"><span style=\"font-size: small;\">o<\/span><\/span><\/span><\/strong><strong><span style=\"color: #000000;\"><span style=\"font-family: tahoma, geneva, sans-serif;\"><span style=\"font-size: small;\">:<\/span><\/span><\/span><\/strong><span style=\"color: #000000;\"><span style=\"font-family: tahoma, geneva, sans-serif;\"><span style=\"font-size: small;\"> Possui Doutorado (2020) e Mestrado (2015) em Biologia Molecular pela Universidade Federal de S\u00e3o Paulo (UNIFESP), licenciatura e bacharelado em Ci\u00eancias Biol\u00f3gicas pela Pontif\u00edcia Universidade Cat\u00f3lica de Minas Gerais (PUC Minas) (2009). T\u00eam experi\u00eancia principal na \u00e1rea de Biologia Molecular e conhecimento em \u00e0reas gerais da biologia, atuando principalmente nos seguintes temas: &#8211; Express\u00e3o de prote\u00ednas recombinantes produzidas em sistema procarioto em shaker e biorreator, purifica\u00e7\u00e3o de prote\u00ednas recombinantes utilizando sistema cromatogr\u00e1fico, t\u00e9cnicas de caracteriza\u00e7\u00e3o f\u00edsico-qu\u00edmicas de prote\u00ednas, isolamento e cultivo de c\u00e9lulas prim\u00e1rias humanas, ensaios de viabilidade e diferencia\u00e7\u00e3o celular, an\u00e1lise de sequenciamento capilar, al\u00e9m de an\u00e1lise molecular de genes ligados a erros inatos do metabolismo.<\/span><\/span><\/span><\/p><p style=\"text-align: left;\" align=\"justify\"><span style=\"color: #000000;\"><span style=\"font-family: tahoma, geneva, sans-serif;\"><span style=\"font-size: small;\"><strong>Curr\u00edculo Lattes:<\/strong> <a href=\"http:\/\/lattes.cnpq.br\/5900039099570404\" target=\"_blank\" rel=\"noopener\">http:\/\/lattes.cnpq.br\/5900039099570404<\/a><br \/><\/span><\/span><\/span><\/p><\/td><\/tr><\/tbody><\/table><\/center><center><table style=\"height: 239px;\" width=\"619\" cellspacing=\"0\" cellpadding=\"2\"><tbody><tr><td width=\"100%\"><h2 style=\"text-align: right;\"><span style=\"color: #000000;\"><strong>Rafael Filippelli da Silva<\/strong><\/span><img loading=\"lazy\" decoding=\"async\" data-recalc-dims=\"1\" class=\"size-full wp-image-442 alignright\" src=\"https:\/\/i0.wp.com\/labjbpesquero.com.br\/wp-content\/uploads\/2023\/08\/Rafael-Filippelli.jpg?resize=79%2C79&#038;ssl=1\" alt=\"\" width=\"79\" height=\"79\" \/><\/h2><p>\u00a0<\/p><\/td><\/tr><tr><td width=\"100%\"><p align=\"justify\"><span style=\"color: #000000;\"><strong><span style=\"font-family: tahoma, geneva, sans-serif;\"><span style=\"font-size: small;\">Forma\u00e7<\/span><\/span><\/strong><strong><span style=\"font-family: tahoma, geneva, sans-serif;\"><span style=\"font-size: small;\"><b>\u00e3<\/b><\/span><\/span><\/strong><strong><span style=\"font-family: tahoma, geneva, sans-serif;\"><span style=\"font-size: small;\">o: <\/span><\/span><\/strong><span style=\"font-family: tahoma, geneva, sans-serif;\"><span style=\"font-size: small;\">Possui gradua\u00e7\u00e3o em Ci\u00eancias Biol\u00f3gicas pelo Centro Universit\u00e1rio S\u00e3o Camilo (2009), mestrado em Ci\u00eancias Biol\u00f3gicas (Biologia Molecular) pela Universidade Federal de S\u00e3o Paulo (2013) e doutorado em Ci\u00eancias Biol\u00f3gicas (Biologia Molecular) pela Universidade Federal de S\u00e3o Paulo (2017). Tem experi\u00eancia na \u00e1rea de Biof\u00edsica, Biologia Molecular, Bioqu\u00edmica, Farmacologia, Gen\u00e9tica, Bioinform\u00e1tica, Estrutura de Prote\u00ednas, An\u00e1lise de NGS.<\/span><\/span><\/span><\/p><p style=\"text-align: left;\" align=\"justify\"><span style=\"color: #000000;\"><span style=\"font-family: tahoma, geneva, sans-serif;\"><span style=\"font-size: small;\"> <strong>Curr\u00edculo Lates:<\/strong> <a href=\"http:\/\/lattes.cnpq.br\/6408852011134966\" target=\"_blank\" rel=\"noopener\">http:\/\/lattes.cnpq.br\/6408852011134966<\/a><br \/><\/span><\/span><\/span><\/p><\/td><\/tr><\/tbody><\/table><\/center><center><table style=\"height: 495px;\" width=\"619\" cellspacing=\"0\" cellpadding=\"2\"><tbody><tr><td width=\"100%\"><h2 style=\"text-align: right;\"><strong><span style=\"color: #000000;\">Elice Carneiro Batista<img loading=\"lazy\" decoding=\"async\" data-recalc-dims=\"1\" class=\"size-full wp-image-452 alignright\" src=\"https:\/\/i0.wp.com\/labjbpesquero.com.br\/wp-content\/uploads\/2023\/08\/Elice.jpg?resize=79%2C99&#038;ssl=1\" alt=\"\" width=\"79\" height=\"99\" \/><\/span><\/strong><\/h2><p>\u00a0<\/p><\/td><\/tr><tr><td width=\"100%\"><p align=\"justify\"><span style=\"color: #000000;\"><strong><span style=\"font-family: tahoma, geneva, sans-serif;\"><span style=\"font-size: small;\">Forma\u00e7<\/span><\/span><\/strong><strong><span style=\"font-family: tahoma, geneva, sans-serif;\"><span style=\"font-size: small;\"><b>\u00e3<\/b><\/span><\/span><\/strong><strong><span style=\"font-family: tahoma, geneva, sans-serif;\"><span style=\"font-size: small;\">o: <\/span><\/span><\/strong><span style=\"font-family: tahoma, geneva, sans-serif;\"><span style=\"font-size: small;\">Possui gradua\u00e7\u00e3o em Fisioterapia pela Universidade de Mogi das Cruzes (2004) e Mestrado em Biotecnologia pela Universidade de Mogi das Cruzes (2007). Doutorado em Ci\u00eancias (Ci\u00eancias Biol\u00f3gicas\/Biologia Molecular) pela UNIFESP (2011). P\u00f3s-doutorado em Ci\u00eancias, \u00e1rea Gen\u00e9tica e Gen\u00f4mica pela UNIFESP (2016). Com experi\u00eancia nas \u00e1reas: Cuidados e Procedimentos com Animais de Laborat\u00f3rio, Biologia Molecular e Celular, Bioqu\u00edmica, Fisiologia e Gen\u00e9tica. Atuando principalmente nos seguintes temas: Doen\u00e7a de Fabry, Sistema Calicre\u00edna-Cinina, Sistema Renina-Angiotensina, Receptor B2 de Cininas, Fisiologia Card\u00edaca e Gen\u00f4mica. Em conjunto com a experi\u00eancia assistencial a pacientes, desenvolveu carreira em Ci\u00eancias e Sa\u00fade, com atua\u00e7\u00e3o em pesquisa experimental, pesquisa cl\u00ednica (ensaios cl\u00ednicos) bem como atua\u00e7\u00e3o em administra\u00e7\u00e3o de projetos, gest\u00e3o de documentos e assuntos regulat\u00f3rios. <\/span><\/span><\/span><\/p><p align=\"justify\"><span style=\"color: #000000;\"><span style=\"font-family: tahoma, geneva, sans-serif;\"><span style=\"font-size: small;\"><strong>Curr\u00edculo Lattes:<\/strong> <a href=\"http:\/\/lattes.cnpq.br\/0657150593289817\" target=\"_blank\" rel=\"noopener\">http:\/\/lattes.cnpq.br\/0657150593289817<\/a><br \/><\/span><\/span><\/span><\/p><\/td><\/tr><\/tbody><\/table><\/center><center><table style=\"height: 365px;\" width=\"619\" cellspacing=\"0\" cellpadding=\"2\"><tbody><tr><td width=\"100%\"><h2 style=\"text-align: right;\"><strong><span style=\"color: #000000;\">Agatha Mendes<img loading=\"lazy\" decoding=\"async\" data-recalc-dims=\"1\" class=\"size-full wp-image-482 alignright\" src=\"https:\/\/i0.wp.com\/labjbpesquero.com.br\/wp-content\/uploads\/2023\/08\/Agatha.jpg?resize=79%2C79&#038;ssl=1\" alt=\"\" width=\"79\" height=\"79\" \/><\/span><\/strong><\/h2><p>\u00a0<\/p><\/td><\/tr><tr><td width=\"100%\"><p align=\"justify\"><span style=\"color: #000000;\"><span style=\"font-family: tahoma, geneva, sans-serif;\"><span style=\"font-size: small;\"><b>Forma\u00e7\u00e3o acad\u00eamica:<\/b><\/span><\/span><\/span><span style=\"color: #000000;\"><span style=\"font-family: tahoma, geneva, sans-serif;\"><span style=\"font-size: small;\"> Mestre em Ci\u00eancias Biol\u00f3gicas (Biologia Molecular) pela Universidade Federal de S\u00e3o Paulo (Unifesp). Possui gradua\u00e7\u00e3o no curso de Biomedicina pela Universidade S\u00e3o Judas Tadeu (USJT, 2018). Realizou Inicia\u00e7\u00e3o Cient\u00edfica pela Universidade Federal de S\u00e3o Paulo (Unifesp, 2018) com bolsa financiada pela Funda\u00e7\u00e3o de Amparo \u00e0 Pesquisa do Estado de S\u00e3o Paulo (FAPESP). <\/span><\/span><\/span><span style=\"color: #000000;\"><span style=\"font-family: tahoma, geneva, sans-serif;\"><span style=\"font-size: small;\">Possui experi\u00eancia em laborat\u00f3rio de An\u00e1lises Cl\u00ednicas de rotina e urg\u00eancia e em laborat\u00f3rio de pesquisa e diagn\u00f3stico em Biologia Molecular. <\/span><\/span><\/span><\/p><p align=\"justify\"><span style=\"color: #000000;\"><span style=\"font-family: tahoma, geneva, sans-serif;\"><span style=\"font-size: small;\"><strong>Curriculo Lattes:<\/strong> <a href=\"http:\/\/lattes.cnpq.br\/6486415001776287\" target=\"_blank\" rel=\"noopener\">http:\/\/lattes.cnpq.br\/6486415001776287<\/a><br \/><\/span><\/span><\/span><\/p><\/td><\/tr><\/tbody><\/table><\/center><p>\u00a0<\/p>\t\t\t\t\t\t\t\t<\/div>\n\t\t\t\t<\/div>\n\t\t\t\t\t<\/div>\n\t\t<\/div>\n\t\t\t\t\t<\/div>\n\t\t<\/section>\n\t\t\t\t<\/div>\n\t\t","protected":false},"excerpt":{"rendered":"<p>Caroliny de Sousa Leite Forma\u00e7\u00e3o: Graduada em Ci\u00eancias Biol\u00f3gicas: Biotecnologia pela Universidade Federal do Rio de Janeiro (UFRJ), t\u00e9cnica em qu\u00edmica formada pelo Centro de&#8230;<\/p>\n","protected":false},"author":1,"featured_media":0,"parent":0,"menu_order":0,"comment_status":"closed","ping_status":"closed","template":"","meta":{"footnotes":""},"class_list":["post-108","page","type-page","status-publish","hentry"],"yoast_head":"<!-- This site is optimized with the Yoast SEO plugin v27.5 - https:\/\/yoast.com\/product\/yoast-seo-wordpress\/ -->\n<title>Ex Alunos - Laborat\u00f3rio Jo\u00e3o Bosco Pesquero<\/title>\n<meta name=\"description\" content=\"Alunos que j\u00e1 passaram pelo laborat\u00f3rio de Biologia Molecular do Professor Jo\u00e3o Bosco Pesquero\" \/>\n<meta name=\"robots\" content=\"index, follow, max-snippet:-1, max-image-preview:large, max-video-preview:-1\" \/>\n<link rel=\"canonical\" href=\"https:\/\/labjbpesquero.com.br\/?page_id=108\" \/>\n<meta property=\"og:locale\" content=\"pt_BR\" \/>\n<meta property=\"og:type\" content=\"article\" \/>\n<meta property=\"og:title\" content=\"Ex Alunos - Laborat\u00f3rio Jo\u00e3o Bosco Pesquero\" \/>\n<meta property=\"og:description\" content=\"Alunos que j\u00e1 passaram pelo laborat\u00f3rio de Biologia Molecular do Professor Jo\u00e3o Bosco Pesquero\" \/>\n<meta property=\"og:url\" content=\"https:\/\/labjbpesquero.com.br\/?page_id=108\" \/>\n<meta property=\"og:site_name\" content=\"Laborat\u00f3rio Jo\u00e3o Bosco Pesquero\" \/>\n<meta property=\"article:modified_time\" content=\"2023-08-11T17:27:37+00:00\" \/>\n<meta property=\"og:image\" content=\"https:\/\/labjbpesquero.com.br\/wp-content\/uploads\/2023\/08\/caroliny-225x300.jpeg\" \/>\n<meta name=\"twitter:card\" content=\"summary_large_image\" \/>\n<meta name=\"twitter:label1\" content=\"Est. tempo de leitura\" \/>\n\t<meta name=\"twitter:data1\" content=\"22 minutos\" \/>\n<script type=\"application\/ld+json\" class=\"yoast-schema-graph\">{\"@context\":\"https:\\\/\\\/schema.org\",\"@graph\":[{\"@type\":\"WebPage\",\"@id\":\"https:\\\/\\\/labjbpesquero.com.br\\\/?page_id=108\",\"url\":\"https:\\\/\\\/labjbpesquero.com.br\\\/?page_id=108\",\"name\":\"Ex Alunos - Laborat\u00f3rio Jo\u00e3o Bosco Pesquero\",\"isPartOf\":{\"@id\":\"https:\\\/\\\/labjbpesquero.com.br\\\/#website\"},\"primaryImageOfPage\":{\"@id\":\"https:\\\/\\\/labjbpesquero.com.br\\\/?page_id=108#primaryimage\"},\"image\":{\"@id\":\"https:\\\/\\\/labjbpesquero.com.br\\\/?page_id=108#primaryimage\"},\"thumbnailUrl\":\"https:\\\/\\\/labjbpesquero.com.br\\\/wp-content\\\/uploads\\\/2023\\\/08\\\/caroliny-225x300.jpeg\",\"datePublished\":\"2023-08-09T19:26:41+00:00\",\"dateModified\":\"2023-08-11T17:27:37+00:00\",\"description\":\"Alunos que j\u00e1 passaram pelo laborat\u00f3rio de Biologia Molecular do Professor Jo\u00e3o Bosco Pesquero\",\"breadcrumb\":{\"@id\":\"https:\\\/\\\/labjbpesquero.com.br\\\/?page_id=108#breadcrumb\"},\"inLanguage\":\"pt-BR\",\"potentialAction\":[{\"@type\":\"ReadAction\",\"target\":[\"https:\\\/\\\/labjbpesquero.com.br\\\/?page_id=108\"]}]},{\"@type\":\"ImageObject\",\"inLanguage\":\"pt-BR\",\"@id\":\"https:\\\/\\\/labjbpesquero.com.br\\\/?page_id=108#primaryimage\",\"url\":\"https:\\\/\\\/labjbpesquero.com.br\\\/wp-content\\\/uploads\\\/2023\\\/08\\\/caroliny-225x300.jpeg\",\"contentUrl\":\"https:\\\/\\\/labjbpesquero.com.br\\\/wp-content\\\/uploads\\\/2023\\\/08\\\/caroliny-225x300.jpeg\"},{\"@type\":\"BreadcrumbList\",\"@id\":\"https:\\\/\\\/labjbpesquero.com.br\\\/?page_id=108#breadcrumb\",\"itemListElement\":[{\"@type\":\"ListItem\",\"position\":1,\"name\":\"In\u00edcio\",\"item\":\"https:\\\/\\\/labjbpesquero.com.br\\\/\"},{\"@type\":\"ListItem\",\"position\":2,\"name\":\"Ex Alunos\"}]},{\"@type\":\"WebSite\",\"@id\":\"https:\\\/\\\/labjbpesquero.com.br\\\/#website\",\"url\":\"https:\\\/\\\/labjbpesquero.com.br\\\/\",\"name\":\"Laborat\u00f3rio Jo\u00e3o Bosco Pesquero\",\"description\":\"Centro de Pesquisa e Diagn\u00f3stico Molecular de Doen\u00e7as Gen\u00e9ticas\",\"publisher\":{\"@id\":\"https:\\\/\\\/labjbpesquero.com.br\\\/#organization\"},\"potentialAction\":[{\"@type\":\"SearchAction\",\"target\":{\"@type\":\"EntryPoint\",\"urlTemplate\":\"https:\\\/\\\/labjbpesquero.com.br\\\/?s={search_term_string}\"},\"query-input\":{\"@type\":\"PropertyValueSpecification\",\"valueRequired\":true,\"valueName\":\"search_term_string\"}}],\"inLanguage\":\"pt-BR\"},{\"@type\":\"Organization\",\"@id\":\"https:\\\/\\\/labjbpesquero.com.br\\\/#organization\",\"name\":\"Laborat\u00f3rio Jo\u00e3o Bosco Pesquero\",\"url\":\"https:\\\/\\\/labjbpesquero.com.br\\\/\",\"logo\":{\"@type\":\"ImageObject\",\"inLanguage\":\"pt-BR\",\"@id\":\"https:\\\/\\\/labjbpesquero.com.br\\\/#\\\/schema\\\/logo\\\/image\\\/\",\"url\":\"https:\\\/\\\/i0.wp.com\\\/labjbpesquero.com.br\\\/wp-content\\\/uploads\\\/2023\\\/08\\\/cropped-logotipo.jpg?fit=477%2C224&ssl=1\",\"contentUrl\":\"https:\\\/\\\/i0.wp.com\\\/labjbpesquero.com.br\\\/wp-content\\\/uploads\\\/2023\\\/08\\\/cropped-logotipo.jpg?fit=477%2C224&ssl=1\",\"width\":477,\"height\":224,\"caption\":\"Laborat\u00f3rio Jo\u00e3o Bosco Pesquero\"},\"image\":{\"@id\":\"https:\\\/\\\/labjbpesquero.com.br\\\/#\\\/schema\\\/logo\\\/image\\\/\"}}]}<\/script>\n<!-- \/ Yoast SEO plugin. -->","yoast_head_json":{"title":"Ex Alunos - Laborat\u00f3rio Jo\u00e3o Bosco Pesquero","description":"Alunos que j\u00e1 passaram pelo laborat\u00f3rio de Biologia Molecular do Professor Jo\u00e3o Bosco Pesquero","robots":{"index":"index","follow":"follow","max-snippet":"max-snippet:-1","max-image-preview":"max-image-preview:large","max-video-preview":"max-video-preview:-1"},"canonical":"https:\/\/labjbpesquero.com.br\/?page_id=108","og_locale":"pt_BR","og_type":"article","og_title":"Ex Alunos - Laborat\u00f3rio Jo\u00e3o Bosco Pesquero","og_description":"Alunos que j\u00e1 passaram pelo laborat\u00f3rio de Biologia Molecular do Professor Jo\u00e3o Bosco Pesquero","og_url":"https:\/\/labjbpesquero.com.br\/?page_id=108","og_site_name":"Laborat\u00f3rio Jo\u00e3o Bosco Pesquero","article_modified_time":"2023-08-11T17:27:37+00:00","og_image":[{"url":"https:\/\/labjbpesquero.com.br\/wp-content\/uploads\/2023\/08\/caroliny-225x300.jpeg","type":"","width":"","height":""}],"twitter_card":"summary_large_image","twitter_misc":{"Est. tempo de leitura":"22 minutos"},"schema":{"@context":"https:\/\/schema.org","@graph":[{"@type":"WebPage","@id":"https:\/\/labjbpesquero.com.br\/?page_id=108","url":"https:\/\/labjbpesquero.com.br\/?page_id=108","name":"Ex Alunos - Laborat\u00f3rio Jo\u00e3o Bosco Pesquero","isPartOf":{"@id":"https:\/\/labjbpesquero.com.br\/#website"},"primaryImageOfPage":{"@id":"https:\/\/labjbpesquero.com.br\/?page_id=108#primaryimage"},"image":{"@id":"https:\/\/labjbpesquero.com.br\/?page_id=108#primaryimage"},"thumbnailUrl":"https:\/\/labjbpesquero.com.br\/wp-content\/uploads\/2023\/08\/caroliny-225x300.jpeg","datePublished":"2023-08-09T19:26:41+00:00","dateModified":"2023-08-11T17:27:37+00:00","description":"Alunos que j\u00e1 passaram pelo laborat\u00f3rio de Biologia Molecular do Professor Jo\u00e3o Bosco Pesquero","breadcrumb":{"@id":"https:\/\/labjbpesquero.com.br\/?page_id=108#breadcrumb"},"inLanguage":"pt-BR","potentialAction":[{"@type":"ReadAction","target":["https:\/\/labjbpesquero.com.br\/?page_id=108"]}]},{"@type":"ImageObject","inLanguage":"pt-BR","@id":"https:\/\/labjbpesquero.com.br\/?page_id=108#primaryimage","url":"https:\/\/labjbpesquero.com.br\/wp-content\/uploads\/2023\/08\/caroliny-225x300.jpeg","contentUrl":"https:\/\/labjbpesquero.com.br\/wp-content\/uploads\/2023\/08\/caroliny-225x300.jpeg"},{"@type":"BreadcrumbList","@id":"https:\/\/labjbpesquero.com.br\/?page_id=108#breadcrumb","itemListElement":[{"@type":"ListItem","position":1,"name":"In\u00edcio","item":"https:\/\/labjbpesquero.com.br\/"},{"@type":"ListItem","position":2,"name":"Ex Alunos"}]},{"@type":"WebSite","@id":"https:\/\/labjbpesquero.com.br\/#website","url":"https:\/\/labjbpesquero.com.br\/","name":"Laborat\u00f3rio Jo\u00e3o Bosco Pesquero","description":"Centro de Pesquisa e Diagn\u00f3stico Molecular de Doen\u00e7as Gen\u00e9ticas","publisher":{"@id":"https:\/\/labjbpesquero.com.br\/#organization"},"potentialAction":[{"@type":"SearchAction","target":{"@type":"EntryPoint","urlTemplate":"https:\/\/labjbpesquero.com.br\/?s={search_term_string}"},"query-input":{"@type":"PropertyValueSpecification","valueRequired":true,"valueName":"search_term_string"}}],"inLanguage":"pt-BR"},{"@type":"Organization","@id":"https:\/\/labjbpesquero.com.br\/#organization","name":"Laborat\u00f3rio Jo\u00e3o Bosco Pesquero","url":"https:\/\/labjbpesquero.com.br\/","logo":{"@type":"ImageObject","inLanguage":"pt-BR","@id":"https:\/\/labjbpesquero.com.br\/#\/schema\/logo\/image\/","url":"https:\/\/i0.wp.com\/labjbpesquero.com.br\/wp-content\/uploads\/2023\/08\/cropped-logotipo.jpg?fit=477%2C224&ssl=1","contentUrl":"https:\/\/i0.wp.com\/labjbpesquero.com.br\/wp-content\/uploads\/2023\/08\/cropped-logotipo.jpg?fit=477%2C224&ssl=1","width":477,"height":224,"caption":"Laborat\u00f3rio Jo\u00e3o Bosco Pesquero"},"image":{"@id":"https:\/\/labjbpesquero.com.br\/#\/schema\/logo\/image\/"}}]}},"jetpack-related-posts":[],"jetpack_sharing_enabled":true,"_links":{"self":[{"href":"https:\/\/labjbpesquero.com.br\/index.php?rest_route=\/wp\/v2\/pages\/108","targetHints":{"allow":["GET"]}}],"collection":[{"href":"https:\/\/labjbpesquero.com.br\/index.php?rest_route=\/wp\/v2\/pages"}],"about":[{"href":"https:\/\/labjbpesquero.com.br\/index.php?rest_route=\/wp\/v2\/types\/page"}],"author":[{"embeddable":true,"href":"https:\/\/labjbpesquero.com.br\/index.php?rest_route=\/wp\/v2\/users\/1"}],"replies":[{"embeddable":true,"href":"https:\/\/labjbpesquero.com.br\/index.php?rest_route=%2Fwp%2Fv2%2Fcomments&post=108"}],"version-history":[{"count":139,"href":"https:\/\/labjbpesquero.com.br\/index.php?rest_route=\/wp\/v2\/pages\/108\/revisions"}],"predecessor-version":[{"id":488,"href":"https:\/\/labjbpesquero.com.br\/index.php?rest_route=\/wp\/v2\/pages\/108\/revisions\/488"}],"wp:attachment":[{"href":"https:\/\/labjbpesquero.com.br\/index.php?rest_route=%2Fwp%2Fv2%2Fmedia&parent=108"}],"curies":[{"name":"wp","href":"https:\/\/api.w.org\/{rel}","templated":true}]}}